{"id":3692,"date":"2025-04-08T14:37:23","date_gmt":"2025-04-08T17:37:23","guid":{"rendered":"https:\/\/corpoequilibrado.com.br\/home-2\/"},"modified":"2025-04-14T21:59:08","modified_gmt":"2025-04-15T00:59:08","slug":"home","status":"publish","type":"page","link":"https:\/\/corpoequilibrado.com.br\/es","title":{"rendered":"Hogar"},"content":{"rendered":"<div class=\"wp-block-uagb-container uagb-block-6a73e2fe alignfull uagb-is-root-container\"><div class=\"uagb-container-inner-blocks-wrap\">\n<div class=\"wp-block-uagb-container uagb-block-bc4a4fc8\">\n\t\t\t<div class=\"wp-block-uagb-post-grid uagb-post-grid  uagb-post__image-position-top uagb-post__image-enabled uagb-block-3a288bea     uagb-post__items uagb-post__columns-2 is-grid uagb-post__columns-tablet-1 uagb-post__columns-mobile-1 uagb-post__equal-height\" data-total=\"30\" style=\"\">\n\n\t\t\t\t\t\t\t\t\t\t\t\t<article class=\"uagb-post__inner-wrap\">\t\t\t\t\t\t\t\t<div class='uagb-post__image'>\n\t\t\t\t\t\t\t\t\t<a href=\"https:\/\/corpoequilibrado.com.br\/es\/la-mejor-maca-peruana\/\" target=\"_self\" rel=\"bookmark noopener noreferrer\" class='uagb-image-ratio-2-3'><img fetchpriority=\"high\" decoding=\"async\" width=\"1103\" height=\"630\" src=\"https:\/\/corpoequilibrado.com.br\/wp-content\/uploads\/2025\/04\/as-4-melhores-macas-peruanas-para-comprar-em-2025-now-foods-axgard-e-snake-dragon.webp\" class=\"attachment-full size-full\" alt=\"Las 4 mejores macas peruanas para comprar en 2025: Now Foods, Axgard y Snake Dragon\" srcset=\"https:\/\/corpoequilibrado.com.br\/wp-content\/uploads\/2025\/04\/as-4-melhores-macas-peruanas-para-comprar-em-2025-now-foods-axgard-e-snake-dragon.webp 1103w, https:\/\/corpoequilibrado.com.br\/wp-content\/uploads\/2025\/04\/as-4-melhores-macas-peruanas-para-comprar-em-2025-now-foods-axgard-e-snake-dragon-300x171.webp 300w, https:\/\/corpoequilibrado.com.br\/wp-content\/uploads\/2025\/04\/as-4-melhores-macas-peruanas-para-comprar-em-2025-now-foods-axgard-e-snake-dragon-1024x585.webp 1024w, https:\/\/corpoequilibrado.com.br\/wp-content\/uploads\/2025\/04\/as-4-melhores-macas-peruanas-para-comprar-em-2025-now-foods-axgard-e-snake-dragon-768x439.webp 768w, https:\/\/corpoequilibrado.com.br\/wp-content\/uploads\/2025\/04\/as-4-melhores-macas-peruanas-para-comprar-em-2025-now-foods-axgard-e-snake-dragon-18x10.webp 18w\" sizes=\"(max-width: 1103px) 100vw, 1103px\" \/>\t\t\t\t\t<\/a>\n\t\t\t\t\t\t\t<\/div>\n\t\t\t<div class=\"uagb-post__text\"><span class=\"uagb-post__taxonomy highlighted\"><a href=\"https:\/\/corpoequilibrado.com.br\/es\/categoria-de-suplementos-y-vitaminas\/\">Suplementos y vitaminas<\/a><\/span><\/div>\t\t\t<h4 class=\"uagb-post__title uagb-post__text\">\n\t\t\t\t<a href=\"https:\/\/corpoequilibrado.com.br\/es\/la-mejor-maca-peruana\/\" target=\"_self\" rel=\"bookmark noopener noreferrer\">La mejor maca peruana: Comparativa de los 4 productos mejor valorados<\/a>\n\t\t\t<\/h4>\n\t\t\t\t\t\t<div class='uagb-post__text uagb-post-grid-byline'>\n\t\t\t\t\t\t\t<\/div>\n\t\t\t\n\t\t\t\t\t\t\t\t\t<\/article>\n\t\t\t\t\t\t\t\t\t\t\t\t\t\t\t\t<article class=\"uagb-post__inner-wrap\">\t\t\t\t\t\t\t\t<div class='uagb-post__image'>\n\t\t\t\t\t\t\t\t\t<a href=\"https:\/\/corpoequilibrado.com.br\/es\/proteina-c-reactiva\/\" target=\"_self\" rel=\"bookmark noopener noreferrer\" class='uagb-image-ratio-2-3'><img decoding=\"async\" width=\"1103\" height=\"630\" src=\"https:\/\/corpoequilibrado.com.br\/wp-content\/uploads\/2025\/04\/unnamed-file-275.jpg\" class=\"attachment-full size-full\" alt=\"Prote\u00edna C Reactiva: Qu\u00e9 es, para qu\u00e9 sirve y c\u00f3mo interpretar la prueba\" srcset=\"https:\/\/corpoequilibrado.com.br\/wp-content\/uploads\/2025\/04\/unnamed-file-275.jpg 1103w, https:\/\/corpoequilibrado.com.br\/wp-content\/uploads\/2025\/04\/unnamed-file-275-300x171.jpg 300w, https:\/\/corpoequilibrado.com.br\/wp-content\/uploads\/2025\/04\/unnamed-file-275-1024x585.jpg 1024w, https:\/\/corpoequilibrado.com.br\/wp-content\/uploads\/2025\/04\/unnamed-file-275-768x439.jpg 768w, https:\/\/corpoequilibrado.com.br\/wp-content\/uploads\/2025\/04\/unnamed-file-275-18x10.jpg 18w\" sizes=\"(max-width: 1103px) 100vw, 1103px\" \/>\t\t\t\t\t<\/a>\n\t\t\t\t\t\t\t<\/div>\n\t\t\t<div class=\"uagb-post__text\"><span class=\"uagb-post__taxonomy highlighted\"><a href=\"https:\/\/corpoequilibrado.com.br\/es\/categoria-de-salud-cardiaca-y-circulacion\/\">Salud del coraz\u00f3n y circulaci\u00f3n<\/a><\/span><\/div>\t\t\t<h4 class=\"uagb-post__title uagb-post__text\">\n\t\t\t\t<a href=\"https:\/\/corpoequilibrado.com.br\/es\/proteina-c-reactiva\/\" target=\"_self\" rel=\"bookmark noopener noreferrer\">Prote\u00edna C Reactiva: Qu\u00e9 es, para qu\u00e9 sirve y c\u00f3mo interpretar la prueba<\/a>\n\t\t\t<\/h4>\n\t\t\t\t\t\t<div class='uagb-post__text uagb-post-grid-byline'>\n\t\t\t\t\t\t\t<\/div>\n\t\t\t\n\t\t\t\t\t\t\t\t\t<\/article>\n\t\t\t\t\t\t\t\t\t\t\t<\/div>\n\t\t\t\n\n\n\t\t\t<div class=\"wp-block-uagb-post-grid uagb-post-grid  uagb-post__image-position-top uagb-post__image-enabled uagb-block-050a18a4     uagb-post__items uagb-post__columns-2 is-grid uagb-post__columns-tablet-1 uagb-post__columns-mobile-1 uagb-post__equal-height\" data-total=\"30\" style=\"\">\n\n\t\t\t\t\t\t\t\t\t\t\t\t<article class=\"uagb-post__inner-wrap\">\t\t\t\t\t\t\t\t<div class='uagb-post__image'>\n\t\t\t\t\t\t\t\t\t<a href=\"https:\/\/corpoequilibrado.com.br\/es\/gotas-de-melatonina\/\" target=\"_self\" rel=\"bookmark noopener noreferrer\" class='uagb-image-ratio-2-3'><img decoding=\"async\" width=\"1103\" height=\"630\" src=\"https:\/\/corpoequilibrado.com.br\/wp-content\/uploads\/2025\/04\/as-5-melhores-melatoninas-em-gotas-de-2025-all-fit-puravida-e-mais.webp\" class=\"attachment-full size-full\" alt=\"Gotas de melatonina\" srcset=\"https:\/\/corpoequilibrado.com.br\/wp-content\/uploads\/2025\/04\/as-5-melhores-melatoninas-em-gotas-de-2025-all-fit-puravida-e-mais.webp 1103w, https:\/\/corpoequilibrado.com.br\/wp-content\/uploads\/2025\/04\/as-5-melhores-melatoninas-em-gotas-de-2025-all-fit-puravida-e-mais-300x171.webp 300w, https:\/\/corpoequilibrado.com.br\/wp-content\/uploads\/2025\/04\/as-5-melhores-melatoninas-em-gotas-de-2025-all-fit-puravida-e-mais-1024x585.webp 1024w, https:\/\/corpoequilibrado.com.br\/wp-content\/uploads\/2025\/04\/as-5-melhores-melatoninas-em-gotas-de-2025-all-fit-puravida-e-mais-768x439.webp 768w, https:\/\/corpoequilibrado.com.br\/wp-content\/uploads\/2025\/04\/as-5-melhores-melatoninas-em-gotas-de-2025-all-fit-puravida-e-mais-18x10.webp 18w\" sizes=\"(max-width: 1103px) 100vw, 1103px\" \/>\t\t\t\t\t<\/a>\n\t\t\t\t\t\t\t<\/div>\n\t\t\t<div class=\"uagb-post__text\"><span class=\"uagb-post__taxonomy highlighted\"><a href=\"https:\/\/corpoequilibrado.com.br\/es\/categoria-de-bienestar-y-salud-mental\/\">Bienestar y salud mental<\/a><\/span><\/div>\t\t\t<h4 class=\"uagb-post__title uagb-post__text\">\n\t\t\t\t<a href=\"https:\/\/corpoequilibrado.com.br\/es\/gotas-de-melatonina\/\" target=\"_self\" rel=\"bookmark noopener noreferrer\">Gotas de melatonina: Las 5 mejores marcas para comprar<\/a>\n\t\t\t<\/h4>\n\t\t\t\t\t\t<div class='uagb-post__text uagb-post-grid-byline'>\n\t\t\t\t\t\t\t<\/div>\n\t\t\t\n\t\t\t\t\t\t\t\t\t<\/article>\n\t\t\t\t\t\t\t\t\t\t\t\t\t\t\t\t<article class=\"uagb-post__inner-wrap\">\t\t\t\t\t\t\t\t<div class='uagb-post__image'>\n\t\t\t\t\t\t\t\t\t<a href=\"https:\/\/corpoequilibrado.com.br\/es\/melatonina-infantil\/\" target=\"_self\" rel=\"bookmark noopener noreferrer\" class='uagb-image-ratio-2-3'><img loading=\"lazy\" decoding=\"async\" width=\"1280\" height=\"853\" src=\"https:\/\/corpoequilibrado.com.br\/wp-content\/uploads\/2025\/04\/g11e1c961470afd46804e96566dd07d60bf745cb25aaf7c396287de07c8f1e8dea544ee3f4a30fa53d5229d07c711c3b6626e90ab2286f553458191ed6dcc9b33_1280-7540912.jpg\" class=\"attachment-full size-full\" alt=\"melatonina-ni\u00f1os\" srcset=\"https:\/\/corpoequilibrado.com.br\/wp-content\/uploads\/2025\/04\/g11e1c961470afd46804e96566dd07d60bf745cb25aaf7c396287de07c8f1e8dea544ee3f4a30fa53d5229d07c711c3b6626e90ab2286f553458191ed6dcc9b33_1280-7540912.jpg 1280w, https:\/\/corpoequilibrado.com.br\/wp-content\/uploads\/2025\/04\/g11e1c961470afd46804e96566dd07d60bf745cb25aaf7c396287de07c8f1e8dea544ee3f4a30fa53d5229d07c711c3b6626e90ab2286f553458191ed6dcc9b33_1280-7540912-300x200.jpg 300w, https:\/\/corpoequilibrado.com.br\/wp-content\/uploads\/2025\/04\/g11e1c961470afd46804e96566dd07d60bf745cb25aaf7c396287de07c8f1e8dea544ee3f4a30fa53d5229d07c711c3b6626e90ab2286f553458191ed6dcc9b33_1280-7540912-1024x682.jpg 1024w, https:\/\/corpoequilibrado.com.br\/wp-content\/uploads\/2025\/04\/g11e1c961470afd46804e96566dd07d60bf745cb25aaf7c396287de07c8f1e8dea544ee3f4a30fa53d5229d07c711c3b6626e90ab2286f553458191ed6dcc9b33_1280-7540912-768x512.jpg 768w, https:\/\/corpoequilibrado.com.br\/wp-content\/uploads\/2025\/04\/g11e1c961470afd46804e96566dd07d60bf745cb25aaf7c396287de07c8f1e8dea544ee3f4a30fa53d5229d07c711c3b6626e90ab2286f553458191ed6dcc9b33_1280-7540912-18x12.jpg 18w\" sizes=\"(max-width: 1280px) 100vw, 1280px\" \/>\t\t\t\t\t<\/a>\n\t\t\t\t\t\t\t<\/div>\n\t\t\t<div class=\"uagb-post__text\"><span class=\"uagb-post__taxonomy highlighted\"><a href=\"https:\/\/corpoequilibrado.com.br\/es\/categoria-de-bienestar-y-salud-mental\/\">Bienestar y salud mental<\/a><\/span><\/div>\t\t\t<h4 class=\"uagb-post__title uagb-post__text\">\n\t\t\t\t<a href=\"https:\/\/corpoequilibrado.com.br\/es\/melatonina-infantil\/\" target=\"_self\" rel=\"bookmark noopener noreferrer\">Melatonina infantil: beneficios, cu\u00e1ndo usarla y las mejores marcas para comprar<\/a>\n\t\t\t<\/h4>\n\t\t\t\t\t\t<div class='uagb-post__text uagb-post-grid-byline'>\n\t\t\t\t\t\t\t<\/div>\n\t\t\t\n\t\t\t\t\t\t\t\t\t<\/article>\n\t\t\t\t\t\t\t\t\t\t\t<\/div>\n\t\t\t<\/div>\n\n\n\n<div class=\"wp-block-uagb-info-box uagb-block-d4c23654 uagb-infobox__content-wrap  uagb-infobox-icon-above-title uagb-infobox-image-valign-top\"><div class=\"uagb-ifb-content\"><div class=\"uagb-ifb-title-wrap\"><\/div><div class=\"uagb-ifb-separator\"><\/div><\/div><\/div>\n\n\n\n\t\t\t<div class=\"wp-block-uagb-post-grid uagb-post-grid  uagb-post__image-position-top uagb-post__image-enabled uagb-block-b165d60e     uagb-post__items uagb-post__columns-6 is-grid uagb-post__columns-tablet-3 uagb-post__columns-mobile-2 uagb-post__equal-height\" data-total=\"10\" style=\"\">\n\n\t\t\t\t\t\t\t\t\t\t\t\t<article class=\"uagb-post__inner-wrap\">\t\t\t\t\t\t\t\t<div class='uagb-post__image'>\n\t\t\t\t\t\t\t\t\t<a href=\"https:\/\/corpoequilibrado.com.br\/es\/arginina-para-que-sirve\/\" target=\"_self\" rel=\"bookmark noopener noreferrer\" class='uagb-image-ratio-inherit'><img loading=\"lazy\" decoding=\"async\" width=\"1024\" height=\"585\" src=\"https:\/\/corpoequilibrado.com.br\/wp-content\/uploads\/2025\/04\/unnamed-file-269-1024x585.jpg\" class=\"attachment-large size-large\" alt=\"Arginina: Para qu\u00e9 sirve, beneficios, efectos y precauciones al usar el suplemento\" srcset=\"https:\/\/corpoequilibrado.com.br\/wp-content\/uploads\/2025\/04\/unnamed-file-269-1024x585.jpg 1024w, https:\/\/corpoequilibrado.com.br\/wp-content\/uploads\/2025\/04\/unnamed-file-269-300x171.jpg 300w, https:\/\/corpoequilibrado.com.br\/wp-content\/uploads\/2025\/04\/unnamed-file-269-768x439.jpg 768w, https:\/\/corpoequilibrado.com.br\/wp-content\/uploads\/2025\/04\/unnamed-file-269-18x10.jpg 18w, https:\/\/corpoequilibrado.com.br\/wp-content\/uploads\/2025\/04\/unnamed-file-269.jpg 1103w\" sizes=\"(max-width: 1024px) 100vw, 1024px\" \/>\t\t\t\t\t<\/a>\n\t\t\t\t\t\t\t<\/div>\n\t\t\t\t\t\t<h6 class=\"uagb-post__title uagb-post__text\">\n\t\t\t\t<a href=\"https:\/\/corpoequilibrado.com.br\/es\/arginina-para-que-sirve\/\" target=\"_self\" rel=\"bookmark noopener noreferrer\">Arginina: qu\u00e9 es, para qu\u00e9 sirve y d\u00f3nde encontrar este potente nutriente<\/a>\n\t\t\t<\/h6>\n\t\t\t\t\t\t<div class='uagb-post__text uagb-post-grid-byline'>\n\t\t\t\t\t\t\t<\/div>\n\t\t\t\n\t\t\t\t\t\t\t\t\t<\/article>\n\t\t\t\t\t\t\t\t\t\t\t\t\t\t\t\t<article class=\"uagb-post__inner-wrap\">\t\t\t\t\t\t\t\t<div class='uagb-post__image'>\n\t\t\t\t\t\t\t\t\t<a href=\"https:\/\/corpoequilibrado.com.br\/es\/para-que-sirve-la-creatina\/\" target=\"_self\" rel=\"bookmark noopener noreferrer\" class='uagb-image-ratio-inherit'><img loading=\"lazy\" decoding=\"async\" width=\"1024\" height=\"585\" src=\"https:\/\/corpoequilibrado.com.br\/wp-content\/uploads\/2025\/04\/unnamed-file-261-1024x585.jpg\" class=\"attachment-large size-large\" alt=\"\u00bfPara qu\u00e9 sirve la creatina? Beneficios, c\u00f3mo tomarlo y efectos en el organismo\" srcset=\"https:\/\/corpoequilibrado.com.br\/wp-content\/uploads\/2025\/04\/unnamed-file-261-1024x585.jpg 1024w, https:\/\/corpoequilibrado.com.br\/wp-content\/uploads\/2025\/04\/unnamed-file-261-300x171.jpg 300w, https:\/\/corpoequilibrado.com.br\/wp-content\/uploads\/2025\/04\/unnamed-file-261-768x439.jpg 768w, https:\/\/corpoequilibrado.com.br\/wp-content\/uploads\/2025\/04\/unnamed-file-261-18x10.jpg 18w, https:\/\/corpoequilibrado.com.br\/wp-content\/uploads\/2025\/04\/unnamed-file-261.jpg 1103w\" sizes=\"(max-width: 1024px) 100vw, 1024px\" \/>\t\t\t\t\t<\/a>\n\t\t\t\t\t\t\t<\/div>\n\t\t\t\t\t\t<h6 class=\"uagb-post__title uagb-post__text\">\n\t\t\t\t<a href=\"https:\/\/corpoequilibrado.com.br\/es\/para-que-sirve-la-creatina\/\" target=\"_self\" rel=\"bookmark noopener noreferrer\">\u00bfPara qu\u00e9 sirve la creatina? Beneficios, c\u00f3mo tomarlo y efectos en el organismo<\/a>\n\t\t\t<\/h6>\n\t\t\t\t\t\t<div class='uagb-post__text uagb-post-grid-byline'>\n\t\t\t\t\t\t\t<\/div>\n\t\t\t\n\t\t\t\t\t\t\t\t\t<\/article>\n\t\t\t\t\t\t\t\t\t\t\t\t\t\t\t\t<article class=\"uagb-post__inner-wrap\">\t\t\t\t\t\t\t\t<div class='uagb-post__image'>\n\t\t\t\t\t\t\t\t\t<a href=\"https:\/\/corpoequilibrado.com.br\/es\/glutamina-para-que-sirve\/\" target=\"_self\" rel=\"bookmark noopener noreferrer\" class='uagb-image-ratio-inherit'><img loading=\"lazy\" decoding=\"async\" width=\"1024\" height=\"585\" src=\"https:\/\/corpoequilibrado.com.br\/wp-content\/uploads\/2025\/04\/unnamed-file-257-1024x585.jpg\" class=\"attachment-large size-large\" alt=\"Glutamina: para qu\u00e9 sirve: descubre sus beneficios esenciales\" srcset=\"https:\/\/corpoequilibrado.com.br\/wp-content\/uploads\/2025\/04\/unnamed-file-257-1024x585.jpg 1024w, https:\/\/corpoequilibrado.com.br\/wp-content\/uploads\/2025\/04\/unnamed-file-257-300x171.jpg 300w, https:\/\/corpoequilibrado.com.br\/wp-content\/uploads\/2025\/04\/unnamed-file-257-768x439.jpg 768w, https:\/\/corpoequilibrado.com.br\/wp-content\/uploads\/2025\/04\/unnamed-file-257-18x10.jpg 18w, https:\/\/corpoequilibrado.com.br\/wp-content\/uploads\/2025\/04\/unnamed-file-257.jpg 1103w\" sizes=\"(max-width: 1024px) 100vw, 1024px\" \/>\t\t\t\t\t<\/a>\n\t\t\t\t\t\t\t<\/div>\n\t\t\t\t\t\t<h6 class=\"uagb-post__title uagb-post__text\">\n\t\t\t\t<a href=\"https:\/\/corpoequilibrado.com.br\/es\/glutamina-para-que-sirve\/\" target=\"_self\" rel=\"bookmark noopener noreferrer\">Glutamina: Beneficios para los intestinos, la inmunidad y la recuperaci\u00f3n muscular<\/a>\n\t\t\t<\/h6>\n\t\t\t\t\t\t<div class='uagb-post__text uagb-post-grid-byline'>\n\t\t\t\t\t\t\t<\/div>\n\t\t\t\n\t\t\t\t\t\t\t\t\t<\/article>\n\t\t\t\t\t\t\t\t\t\t\t\t\t\t\t\t<article class=\"uagb-post__inner-wrap\">\t\t\t\t\t\t\t\t<div class='uagb-post__image'>\n\t\t\t\t\t\t\t\t\t<a href=\"https:\/\/corpoequilibrado.com.br\/es\/cloruro-de-magnesio\/\" target=\"_self\" rel=\"bookmark noopener noreferrer\" class='uagb-image-ratio-inherit'><img loading=\"lazy\" decoding=\"async\" width=\"1024\" height=\"585\" src=\"https:\/\/corpoequilibrado.com.br\/wp-content\/uploads\/2025\/04\/unnamed-file-255-1024x585.jpg\" class=\"attachment-large size-large\" alt=\"Cloruro de magnesio: descubre sus incre\u00edbles beneficios ahora\" srcset=\"https:\/\/corpoequilibrado.com.br\/wp-content\/uploads\/2025\/04\/unnamed-file-255-1024x585.jpg 1024w, https:\/\/corpoequilibrado.com.br\/wp-content\/uploads\/2025\/04\/unnamed-file-255-300x171.jpg 300w, https:\/\/corpoequilibrado.com.br\/wp-content\/uploads\/2025\/04\/unnamed-file-255-768x439.jpg 768w, https:\/\/corpoequilibrado.com.br\/wp-content\/uploads\/2025\/04\/unnamed-file-255-18x10.jpg 18w, https:\/\/corpoequilibrado.com.br\/wp-content\/uploads\/2025\/04\/unnamed-file-255.jpg 1103w\" sizes=\"(max-width: 1024px) 100vw, 1024px\" \/>\t\t\t\t\t<\/a>\n\t\t\t\t\t\t\t<\/div>\n\t\t\t\t\t\t<h6 class=\"uagb-post__title uagb-post__text\">\n\t\t\t\t<a href=\"https:\/\/corpoequilibrado.com.br\/es\/cloruro-de-magnesio\/\" target=\"_self\" rel=\"bookmark noopener noreferrer\">Cloruro de magnesio: descubre sus beneficios y para qu\u00e9 sirve este mineral esencial<\/a>\n\t\t\t<\/h6>\n\t\t\t\t\t\t<div class='uagb-post__text uagb-post-grid-byline'>\n\t\t\t\t\t\t\t<\/div>\n\t\t\t\n\t\t\t\t\t\t\t\t\t<\/article>\n\t\t\t\t\t\t\t\t\t\t\t\t\t\t\t\t<article class=\"uagb-post__inner-wrap\">\t\t\t\t\t\t\t\t<div class='uagb-post__image'>\n\t\t\t\t\t\t\t\t\t<a href=\"https:\/\/corpoequilibrado.com.br\/es\/beneficios-y-deficiencia-de-la-vitamina-b6\/\" target=\"_self\" rel=\"bookmark noopener noreferrer\" class='uagb-image-ratio-inherit'><img loading=\"lazy\" decoding=\"async\" width=\"1024\" height=\"585\" src=\"https:\/\/corpoequilibrado.com.br\/wp-content\/uploads\/2025\/04\/unnamed-file-253-1024x585.jpg\" class=\"attachment-large size-large\" alt=\"Vitamina B6: descubre sus incre\u00edbles beneficios y fuentes\" srcset=\"https:\/\/corpoequilibrado.com.br\/wp-content\/uploads\/2025\/04\/unnamed-file-253-1024x585.jpg 1024w, https:\/\/corpoequilibrado.com.br\/wp-content\/uploads\/2025\/04\/unnamed-file-253-300x171.jpg 300w, https:\/\/corpoequilibrado.com.br\/wp-content\/uploads\/2025\/04\/unnamed-file-253-768x439.jpg 768w, https:\/\/corpoequilibrado.com.br\/wp-content\/uploads\/2025\/04\/unnamed-file-253-18x10.jpg 18w, https:\/\/corpoequilibrado.com.br\/wp-content\/uploads\/2025\/04\/unnamed-file-253.jpg 1103w\" sizes=\"(max-width: 1024px) 100vw, 1024px\" \/>\t\t\t\t\t<\/a>\n\t\t\t\t\t\t\t<\/div>\n\t\t\t\t\t\t<h6 class=\"uagb-post__title uagb-post__text\">\n\t\t\t\t<a href=\"https:\/\/corpoequilibrado.com.br\/es\/beneficios-y-deficiencia-de-la-vitamina-b6\/\" target=\"_self\" rel=\"bookmark noopener noreferrer\">Vitamina B6: para qu\u00e9 sirve, beneficios y alimentos ricos en ella<\/a>\n\t\t\t<\/h6>\n\t\t\t\t\t\t<div class='uagb-post__text uagb-post-grid-byline'>\n\t\t\t\t\t\t\t<\/div>\n\t\t\t\n\t\t\t\t\t\t\t\t\t<\/article>\n\t\t\t\t\t\t\t\t\t\t\t\t\t\t\t\t<article class=\"uagb-post__inner-wrap\">\t\t\t\t\t\t\t\t<div class='uagb-post__image'>\n\t\t\t\t\t\t\t\t\t<a href=\"https:\/\/corpoequilibrado.com.br\/es\/vitamina-e-para-que-sirve\/\" target=\"_self\" rel=\"bookmark noopener noreferrer\" class='uagb-image-ratio-inherit'><img loading=\"lazy\" decoding=\"async\" width=\"1024\" height=\"585\" src=\"https:\/\/corpoequilibrado.com.br\/wp-content\/uploads\/2025\/04\/unnamed-file-248-1024x585.jpg\" class=\"attachment-large size-large\" alt=\"Vitamina E: Para qu\u00e9 sirve, beneficios, alimentos y cuidados esenciales\" srcset=\"https:\/\/corpoequilibrado.com.br\/wp-content\/uploads\/2025\/04\/unnamed-file-248-1024x585.jpg 1024w, https:\/\/corpoequilibrado.com.br\/wp-content\/uploads\/2025\/04\/unnamed-file-248-300x171.jpg 300w, https:\/\/corpoequilibrado.com.br\/wp-content\/uploads\/2025\/04\/unnamed-file-248-768x439.jpg 768w, https:\/\/corpoequilibrado.com.br\/wp-content\/uploads\/2025\/04\/unnamed-file-248-18x10.jpg 18w, https:\/\/corpoequilibrado.com.br\/wp-content\/uploads\/2025\/04\/unnamed-file-248.jpg 1103w\" sizes=\"(max-width: 1024px) 100vw, 1024px\" \/>\t\t\t\t\t<\/a>\n\t\t\t\t\t\t\t<\/div>\n\t\t\t\t\t\t<h6 class=\"uagb-post__title uagb-post__text\">\n\t\t\t\t<a href=\"https:\/\/corpoequilibrado.com.br\/es\/vitamina-e-para-que-sirve\/\" target=\"_self\" rel=\"bookmark noopener noreferrer\">Vitamina E: \u00bfCu\u00e1les son sus beneficios, c\u00f3mo tomarla y cu\u00e1ndo suplementarla?<\/a>\n\t\t\t<\/h6>\n\t\t\t\t\t\t<div class='uagb-post__text uagb-post-grid-byline'>\n\t\t\t\t\t\t\t<\/div>\n\t\t\t\n\t\t\t\t\t\t\t\t\t<\/article>\n\t\t\t\t\t\t\t\t\t\t\t<\/div>\n\t\t\t<\/div><\/div>\n\n\n\n<div class=\"wp-block-uagb-container uagb-block-73007747 alignfull uagb-is-root-container\"><div class=\"uagb-container-inner-blocks-wrap\">\n<div class=\"wp-block-uagb-container uagb-block-750e8072\">\n<div class=\"wp-block-uagb-advanced-heading uagb-block-2d8d40a3\"><h2 class=\"uagb-heading-text\">Bienestar y salud mental<\/h2><\/div>\n\n\n\n<div class=\"wp-block-uagb-buttons uagb-buttons__outer-wrap uagb-btn__default-btn uagb-btn-tablet__default-btn uagb-btn-mobile__default-btn uagb-block-f2e81900\"><div class=\"uagb-buttons__wrap uagb-buttons-layout-wrap\">\n<div class=\"wp-block-uagb-buttons-child uagb-buttons__outer-wrap uagb-block-2f9a2def wp-block-button\"><div class=\"uagb-button__wrapper\"><a class=\"uagb-buttons-repeater wp-block-button__link\" aria-label=\"\" href=\"https:\/\/corpoequilibrado.com.br\/es\/categoria-de-bienestar-y-salud-mental\/\" rel=\"follow noopener\" target=\"_blank\" role=\"button\"><div class=\"uagb-button__link\">Ver todo<\/div><span class=\"uagb-button__icon uagb-button__icon-position-after\"><svg xmlns=\"https:\/\/www.w3.org\/2000\/svg\" viewbox=\"0 0 448 512\" aria-hidden=\"true\" focussable=\"false\"><path d=\"M438.6 278.6l-160 160C272.4 444.9 264.2 448 256 448s-16.38-3.125-22.62-9.375c-12.5-12.5-12.5-32.75 0-45.25L338.8 288H32C14.33 288 .0016 273.7 .0016 256S14.33 224 32 224h306.8l-105.4-105.4c-12.5-12.5-12.5-32.75 0-45.25s32.75-12.5 45.25 0l160 160C451.1 245.9 451.1 266.1 438.6 278.6z\"><\/path><\/svg><\/span><\/a><\/div><\/div>\n<\/div><\/div>\n<\/div>\n\n\n\n\t\t\t<div class=\"wp-block-uagb-post-grid uagb-post-grid  uagb-post__image-position-top uagb-post__image-enabled uagb-block-1b3ca84d     uagb-post__items uagb-post__columns-3 is-grid uagb-post__columns-tablet-3 uagb-post__columns-mobile-1 uagb-post__equal-height\" data-total=\"2\" style=\"\">\n\n\t\t\t\t\t\t\t\t\t\t\t\t<article class=\"uagb-post__inner-wrap\">\t\t\t\t\t\t\t\t<div class='uagb-post__image'>\n\t\t\t\t\t\t\t\t\t<a href=\"https:\/\/corpoequilibrado.com.br\/es\/gotas-de-melatonina\/\" target=\"_self\" rel=\"bookmark noopener noreferrer\" class='uagb-image-ratio-2-3'><img decoding=\"async\" width=\"1103\" height=\"630\" src=\"https:\/\/corpoequilibrado.com.br\/wp-content\/uploads\/2025\/04\/as-5-melhores-melatoninas-em-gotas-de-2025-all-fit-puravida-e-mais.webp\" class=\"attachment-full size-full\" alt=\"Gotas de melatonina\" srcset=\"https:\/\/corpoequilibrado.com.br\/wp-content\/uploads\/2025\/04\/as-5-melhores-melatoninas-em-gotas-de-2025-all-fit-puravida-e-mais.webp 1103w, https:\/\/corpoequilibrado.com.br\/wp-content\/uploads\/2025\/04\/as-5-melhores-melatoninas-em-gotas-de-2025-all-fit-puravida-e-mais-300x171.webp 300w, https:\/\/corpoequilibrado.com.br\/wp-content\/uploads\/2025\/04\/as-5-melhores-melatoninas-em-gotas-de-2025-all-fit-puravida-e-mais-1024x585.webp 1024w, https:\/\/corpoequilibrado.com.br\/wp-content\/uploads\/2025\/04\/as-5-melhores-melatoninas-em-gotas-de-2025-all-fit-puravida-e-mais-768x439.webp 768w, https:\/\/corpoequilibrado.com.br\/wp-content\/uploads\/2025\/04\/as-5-melhores-melatoninas-em-gotas-de-2025-all-fit-puravida-e-mais-18x10.webp 18w\" sizes=\"(max-width: 1103px) 100vw, 1103px\" \/>\t\t\t\t\t<\/a>\n\t\t\t\t\t\t\t<\/div>\n\t\t\t\t\t\t\t<div class=\"uagb-post__text\">\n\t\t\t\t\t<span class='uagb-post__taxonomy default'>\n\t\t\t\t\t\t\t\t\t\t\t\t<a href=\"https:\/\/corpoequilibrado.com.br\/es\/categoria-de-bienestar-y-salud-mental\/\">Bienestar y salud mental<\/a>\t\t\t\t\t<\/span>\n\t\t\t\t<\/div>\n\t\t\t\t\t\t\t<h4 class=\"uagb-post__title uagb-post__text\">\n\t\t\t\t<a href=\"https:\/\/corpoequilibrado.com.br\/es\/gotas-de-melatonina\/\" target=\"_self\" rel=\"bookmark noopener noreferrer\">Gotas de melatonina: Las 5 mejores marcas para comprar<\/a>\n\t\t\t<\/h4>\n\t\t\t\t\t\t<div class='uagb-post__text uagb-post-grid-byline'>\n\t\t\t\t\t\t\t<\/div>\n\t\t\t\t\t\t\t<div class='uagb-post__text uagb-post__excerpt'>\n\t\t\t\t\tGotas de melatonina: descubre las mejores opciones para garantizar un buen descanso en 2025 con productos de calidad y\u2026\t\t\t\t<\/div>\n\t\t\t\n\t\t\t\t\t\t\t\t\t<\/article>\n\t\t\t\t\t\t\t\t\t\t\t\t\t\t\t\t<article class=\"uagb-post__inner-wrap\">\t\t\t\t\t\t\t\t<div class='uagb-post__image'>\n\t\t\t\t\t\t\t\t\t<a href=\"https:\/\/corpoequilibrado.com.br\/es\/melatonina-infantil\/\" target=\"_self\" rel=\"bookmark noopener noreferrer\" class='uagb-image-ratio-2-3'><img loading=\"lazy\" decoding=\"async\" width=\"1280\" height=\"853\" src=\"https:\/\/corpoequilibrado.com.br\/wp-content\/uploads\/2025\/04\/g11e1c961470afd46804e96566dd07d60bf745cb25aaf7c396287de07c8f1e8dea544ee3f4a30fa53d5229d07c711c3b6626e90ab2286f553458191ed6dcc9b33_1280-7540912.jpg\" class=\"attachment-full size-full\" alt=\"melatonina-ni\u00f1os\" srcset=\"https:\/\/corpoequilibrado.com.br\/wp-content\/uploads\/2025\/04\/g11e1c961470afd46804e96566dd07d60bf745cb25aaf7c396287de07c8f1e8dea544ee3f4a30fa53d5229d07c711c3b6626e90ab2286f553458191ed6dcc9b33_1280-7540912.jpg 1280w, https:\/\/corpoequilibrado.com.br\/wp-content\/uploads\/2025\/04\/g11e1c961470afd46804e96566dd07d60bf745cb25aaf7c396287de07c8f1e8dea544ee3f4a30fa53d5229d07c711c3b6626e90ab2286f553458191ed6dcc9b33_1280-7540912-300x200.jpg 300w, https:\/\/corpoequilibrado.com.br\/wp-content\/uploads\/2025\/04\/g11e1c961470afd46804e96566dd07d60bf745cb25aaf7c396287de07c8f1e8dea544ee3f4a30fa53d5229d07c711c3b6626e90ab2286f553458191ed6dcc9b33_1280-7540912-1024x682.jpg 1024w, https:\/\/corpoequilibrado.com.br\/wp-content\/uploads\/2025\/04\/g11e1c961470afd46804e96566dd07d60bf745cb25aaf7c396287de07c8f1e8dea544ee3f4a30fa53d5229d07c711c3b6626e90ab2286f553458191ed6dcc9b33_1280-7540912-768x512.jpg 768w, https:\/\/corpoequilibrado.com.br\/wp-content\/uploads\/2025\/04\/g11e1c961470afd46804e96566dd07d60bf745cb25aaf7c396287de07c8f1e8dea544ee3f4a30fa53d5229d07c711c3b6626e90ab2286f553458191ed6dcc9b33_1280-7540912-18x12.jpg 18w\" sizes=\"(max-width: 1280px) 100vw, 1280px\" \/>\t\t\t\t\t<\/a>\n\t\t\t\t\t\t\t<\/div>\n\t\t\t\t\t\t\t<div class=\"uagb-post__text\">\n\t\t\t\t\t<span class='uagb-post__taxonomy default'>\n\t\t\t\t\t\t\t\t\t\t\t\t<a href=\"https:\/\/corpoequilibrado.com.br\/es\/categoria-de-bienestar-y-salud-mental\/\">Bienestar y salud mental<\/a>\t\t\t\t\t<\/span>\n\t\t\t\t<\/div>\n\t\t\t\t\t\t\t<h4 class=\"uagb-post__title uagb-post__text\">\n\t\t\t\t<a href=\"https:\/\/corpoequilibrado.com.br\/es\/melatonina-infantil\/\" target=\"_self\" rel=\"bookmark noopener noreferrer\">Melatonina infantil: beneficios, cu\u00e1ndo usarla y las mejores marcas para comprar<\/a>\n\t\t\t<\/h4>\n\t\t\t\t\t\t<div class='uagb-post__text uagb-post-grid-byline'>\n\t\t\t\t\t\t\t<\/div>\n\t\t\t\t\t\t\t<div class='uagb-post__text uagb-post__excerpt'>\n\t\t\t\t\tLa Melatonina Infantil ayuda a los ni\u00f1os a dormir, promoviendo noches tranquilas y saludables para toda la familia.\t\t\t\t<\/div>\n\t\t\t\n\t\t\t\t\t\t\t\t\t<\/article>\n\t\t\t\t\t\t\t\t\t\t\t\t\t\t\t\t<article class=\"uagb-post__inner-wrap\">\t\t\t\t\t\t\t\t<div class='uagb-post__image'>\n\t\t\t\t\t\t\t\t\t<a href=\"https:\/\/corpoequilibrado.com.br\/es\/fatiga-mental\/\" target=\"_self\" rel=\"bookmark noopener noreferrer\" class='uagb-image-ratio-2-3'><img loading=\"lazy\" decoding=\"async\" width=\"1103\" height=\"630\" src=\"https:\/\/corpoequilibrado.com.br\/wp-content\/uploads\/2025\/04\/unnamed-file-228.jpg\" class=\"attachment-full size-full\" alt=\"Fatiga mental: S\u00edntomas, causas y c\u00f3mo aliviarla con tratamientos naturales\" srcset=\"https:\/\/corpoequilibrado.com.br\/wp-content\/uploads\/2025\/04\/unnamed-file-228.jpg 1103w, https:\/\/corpoequilibrado.com.br\/wp-content\/uploads\/2025\/04\/unnamed-file-228-300x171.jpg 300w, https:\/\/corpoequilibrado.com.br\/wp-content\/uploads\/2025\/04\/unnamed-file-228-1024x585.jpg 1024w, https:\/\/corpoequilibrado.com.br\/wp-content\/uploads\/2025\/04\/unnamed-file-228-768x439.jpg 768w, https:\/\/corpoequilibrado.com.br\/wp-content\/uploads\/2025\/04\/unnamed-file-228-18x10.jpg 18w\" sizes=\"(max-width: 1103px) 100vw, 1103px\" \/>\t\t\t\t\t<\/a>\n\t\t\t\t\t\t\t<\/div>\n\t\t\t\t\t\t\t<div class=\"uagb-post__text\">\n\t\t\t\t\t<span class='uagb-post__taxonomy default'>\n\t\t\t\t\t\t\t\t\t\t\t\t<a href=\"https:\/\/corpoequilibrado.com.br\/es\/categoria-de-bienestar-y-salud-mental\/\">Bienestar y salud mental<\/a>\t\t\t\t\t<\/span>\n\t\t\t\t<\/div>\n\t\t\t\t\t\t\t<h4 class=\"uagb-post__title uagb-post__text\">\n\t\t\t\t<a href=\"https:\/\/corpoequilibrado.com.br\/es\/fatiga-mental\/\" target=\"_self\" rel=\"bookmark noopener noreferrer\">Fatiga mental: S\u00edntomas, causas y c\u00f3mo aliviarla con tratamientos naturales<\/a>\n\t\t\t<\/h4>\n\t\t\t\t\t\t<div class='uagb-post__text uagb-post-grid-byline'>\n\t\t\t\t\t\t\t<\/div>\n\t\t\t\t\t\t\t<div class='uagb-post__text uagb-post__excerpt'>\n\t\t\t\t\tLa fatiga mental afecta tu vida diaria. Descubra formas efectivas de abordar este problema.\t\t\t\t<\/div>\n\t\t\t\n\t\t\t\t\t\t\t\t\t<\/article>\n\t\t\t\t\t\t\t\t\t\t\t<\/div>\n\t\t\t<\/div><\/div>\n\n\n\n<div class=\"wp-block-uagb-separator uagb-block-9414bdb5\"><div class=\"wp-block-uagb-separator__inner\" style=\"--my-background-image:\"><\/div><\/div>\n\n\n\n<div class=\"wp-block-uagb-container uagb-block-dc648ba5 alignfull uagb-is-root-container\"><div class=\"uagb-container-inner-blocks-wrap\">\n<div class=\"wp-block-uagb-container uagb-block-7ba4ffd9\">\n<div class=\"wp-block-uagb-advanced-heading uagb-block-e49289c6\"><h2 class=\"uagb-heading-text\">Belleza y Est\u00e9tica<\/h2><\/div>\n\n\n\n<div class=\"wp-block-uagb-buttons uagb-buttons__outer-wrap uagb-btn__default-btn uagb-btn-tablet__default-btn uagb-btn-mobile__default-btn uagb-block-8e257604\"><div class=\"uagb-buttons__wrap uagb-buttons-layout-wrap\">\n<div class=\"wp-block-uagb-buttons-child uagb-buttons__outer-wrap uagb-block-8ea16a52 wp-block-button\"><div class=\"uagb-button__wrapper\"><a class=\"uagb-buttons-repeater wp-block-button__link\" aria-label=\"\" href=\"https:\/\/corpoequilibrado.com.br\/es\/categoria-de-belleza-y-estetica\/\" rel=\"follow noopener\" target=\"_blank\" role=\"button\"><div class=\"uagb-button__link\">Ver todo<\/div><span class=\"uagb-button__icon uagb-button__icon-position-after\"><svg xmlns=\"https:\/\/www.w3.org\/2000\/svg\" viewbox=\"0 0 448 512\" aria-hidden=\"true\" focussable=\"false\"><path d=\"M438.6 278.6l-160 160C272.4 444.9 264.2 448 256 448s-16.38-3.125-22.62-9.375c-12.5-12.5-12.5-32.75 0-45.25L338.8 288H32C14.33 288 .0016 273.7 .0016 256S14.33 224 32 224h306.8l-105.4-105.4c-12.5-12.5-12.5-32.75 0-45.25s32.75-12.5 45.25 0l160 160C451.1 245.9 451.1 266.1 438.6 278.6z\"><\/path><\/svg><\/span><\/a><\/div><\/div>\n<\/div><\/div>\n<\/div>\n\n\n\n\t\t\t<div class=\"wp-block-uagb-post-grid uagb-post-grid  uagb-post__image-position-background uagb-post__image-enabled uagb-block-078aaf63     uagb-post__items uagb-post__columns-2 is-grid uagb-post__columns-tablet-2 uagb-post__columns-mobile-1 uagb-post__equal-height\" data-total=\"3\" style=\"\">\n\n\t\t\t\t\t\t\t\t\t\t\t\t<article class=\"uagb-post__inner-wrap\">\t\t\t\t\t\t\t\t\t<div class=\"uagb-post__text\">\n\t\t\t\t\t<span class='uagb-post__taxonomy default'>\n\t\t\t\t\t\t\t\t\t\t\t\t<a href=\"https:\/\/corpoequilibrado.com.br\/es\/categoria-de-belleza-y-estetica\/\">Belleza y Est\u00e9tica<\/a>\t\t\t\t\t<\/span>\n\t\t\t\t<\/div>\n\t\t\t\t\t\t\t<h4 class=\"uagb-post__title uagb-post__text\">\n\t\t\t\t<a href=\"https:\/\/corpoequilibrado.com.br\/es\/granos\/\" target=\"_self\" rel=\"bookmark noopener noreferrer\">Granos: causas, zonas afectadas y c\u00f3mo tratar cada tipo de forma segura<\/a>\n\t\t\t<\/h4>\n\t\t\t\t\t\t<div class='uagb-post__text uagb-post-grid-byline'>\n\t\t\t\t\t\t\t<\/div>\n\t\t\t\t\t\t<div class='uagb-post__image'>\n\t\t\t\t\t\t\t\t\t<a href=\"https:\/\/corpoequilibrado.com.br\/es\/granos\/\" target=\"_self\" rel=\"bookmark noopener noreferrer\"><img loading=\"lazy\" decoding=\"async\" width=\"1000\" height=\"667\" src=\"https:\/\/corpoequilibrado.com.br\/wp-content\/uploads\/2025\/04\/14436.jpg\" class=\"attachment-full size-full\" alt=\"Granos: causas, zonas afectadas y c\u00f3mo tratar cada tipo de forma segura\" srcset=\"https:\/\/corpoequilibrado.com.br\/wp-content\/uploads\/2025\/04\/14436.jpg 1000w, https:\/\/corpoequilibrado.com.br\/wp-content\/uploads\/2025\/04\/14436-300x200.jpg 300w, https:\/\/corpoequilibrado.com.br\/wp-content\/uploads\/2025\/04\/14436-768x512.jpg 768w, https:\/\/corpoequilibrado.com.br\/wp-content\/uploads\/2025\/04\/14436-18x12.jpg 18w\" sizes=\"(max-width: 1000px) 100vw, 1000px\" \/>\t\t\t\t\t<\/a>\n\t\t\t\t\t\t\t\t\t<\/div>\n\t\t\t\n\t\t\t\t\t\t\t\t<a class=\"uagb-post__link-complete-box\" href=\"https:\/\/corpoequilibrado.com.br\/es\/granos\/\" target=\"_self\" rel=\"bookmark noopener noreferrer\"><\/a>\n\t\t\t\t\t\t\t<\/article>\n\t\t\t\t\t\t\t\t\t\t\t\t\t\t\t\t<article class=\"uagb-post__inner-wrap\">\t\t\t\t\t\t\t\t\t<div class=\"uagb-post__text\">\n\t\t\t\t\t<span class='uagb-post__taxonomy default'>\n\t\t\t\t\t\t\t\t\t\t\t\t<a href=\"https:\/\/corpoequilibrado.com.br\/es\/categoria-de-belleza-y-estetica\/\">Belleza y Est\u00e9tica<\/a>\t\t\t\t\t<\/span>\n\t\t\t\t<\/div>\n\t\t\t\t\t\t\t<h4 class=\"uagb-post__title uagb-post__text\">\n\t\t\t\t<a href=\"https:\/\/corpoequilibrado.com.br\/es\/grano-interno-como-tratarlo-y-prevenirlo\/\" target=\"_self\" rel=\"bookmark noopener noreferrer\">Acn\u00e9 interno: qu\u00e9 lo causa, c\u00f3mo tratarlo y c\u00f3mo prevenirlo<\/a>\n\t\t\t<\/h4>\n\t\t\t\t\t\t<div class='uagb-post__text uagb-post-grid-byline'>\n\t\t\t\t\t\t\t<\/div>\n\t\t\t\t\t\t<div class='uagb-post__image'>\n\t\t\t\t\t\t\t\t\t<a href=\"https:\/\/corpoequilibrado.com.br\/es\/grano-interno-como-tratarlo-y-prevenirlo\/\" target=\"_self\" rel=\"bookmark noopener noreferrer\"><img loading=\"lazy\" decoding=\"async\" width=\"1500\" height=\"1001\" src=\"https:\/\/corpoequilibrado.com.br\/wp-content\/uploads\/2025\/04\/2148982568-1.jpg\" class=\"attachment-full size-full\" alt=\"Acn\u00e9 interno y otros tipos: causas, tratamientos naturales y c\u00f3mo prevenir su aparici\u00f3n\" srcset=\"https:\/\/corpoequilibrado.com.br\/wp-content\/uploads\/2025\/04\/2148982568-1.jpg 1500w, https:\/\/corpoequilibrado.com.br\/wp-content\/uploads\/2025\/04\/2148982568-1-300x200.jpg 300w, https:\/\/corpoequilibrado.com.br\/wp-content\/uploads\/2025\/04\/2148982568-1-1024x683.jpg 1024w, https:\/\/corpoequilibrado.com.br\/wp-content\/uploads\/2025\/04\/2148982568-1-768x513.jpg 768w, https:\/\/corpoequilibrado.com.br\/wp-content\/uploads\/2025\/04\/2148982568-1-18x12.jpg 18w\" sizes=\"(max-width: 1500px) 100vw, 1500px\" \/>\t\t\t\t\t<\/a>\n\t\t\t\t\t\t\t\t\t<\/div>\n\t\t\t\n\t\t\t\t\t\t\t\t<a class=\"uagb-post__link-complete-box\" href=\"https:\/\/corpoequilibrado.com.br\/es\/grano-interno-como-tratarlo-y-prevenirlo\/\" target=\"_self\" rel=\"bookmark noopener noreferrer\"><\/a>\n\t\t\t\t\t\t\t<\/article>\n\t\t\t\t\t\t\t\t\t\t\t<\/div>\n\t\t\t<\/div><\/div>\n\n\n\n<div class=\"wp-block-uagb-separator uagb-block-af587ef1\"><div class=\"wp-block-uagb-separator__inner\" style=\"--my-background-image:\"><\/div><\/div>\n\n\n\n<div class=\"wp-block-uagb-container uagb-block-4d21b0cc alignfull uagb-is-root-container\"><div class=\"uagb-container-inner-blocks-wrap\">\n<div class=\"wp-block-columns is-layout-flex wp-container-core-columns-is-layout-28f84493 wp-block-columns-is-layout-flex\">\n<div class=\"wp-block-column is-layout-flow wp-block-column-is-layout-flow\" style=\"flex-basis:100%\">\n<div class=\"wp-block-uagb-container uagb-layout-flex uagb-block-7c6f6628\">\n<div class=\"wp-block-columns is-layout-flex wp-container-core-columns-is-layout-28f84493 wp-block-columns-is-layout-flex\">\n<div class=\"wp-block-column is-layout-flow wp-block-column-is-layout-flow\" style=\"flex-basis:100%\">\n<div class=\"wp-block-uagb-advanced-heading uagb-block-1ddc1556\"><h2 class=\"uagb-heading-text\">Suplementos y vitaminas<\/h2><\/div>\n<\/div>\n<\/div>\n\n\n\n<div class=\"wp-block-uagb-buttons uagb-buttons__outer-wrap uagb-btn__default-btn uagb-btn-tablet__default-btn uagb-btn-mobile__default-btn uagb-block-9b31a071\"><div class=\"uagb-buttons__wrap uagb-buttons-layout-wrap\">\n<div class=\"wp-block-uagb-buttons-child uagb-buttons__outer-wrap uagb-block-698bb11b wp-block-button\"><div class=\"uagb-button__wrapper\"><a class=\"uagb-buttons-repeater wp-block-button__link\" aria-label=\"\" href=\"https:\/\/corpoequilibrado.com.br\/es\/categoria-de-suplementos-y-vitaminas\/\" rel=\"follow noopener\" target=\"_blank\" role=\"button\"><div class=\"uagb-button__link\">Ver todo<\/div><span class=\"uagb-button__icon uagb-button__icon-position-after\"><svg xmlns=\"https:\/\/www.w3.org\/2000\/svg\" viewbox=\"0 0 448 512\" aria-hidden=\"true\" focussable=\"false\"><path d=\"M438.6 278.6l-160 160C272.4 444.9 264.2 448 256 448s-16.38-3.125-22.62-9.375c-12.5-12.5-12.5-32.75 0-45.25L338.8 288H32C14.33 288 .0016 273.7 .0016 256S14.33 224 32 224h306.8l-105.4-105.4c-12.5-12.5-12.5-32.75 0-45.25s32.75-12.5 45.25 0l160 160C451.1 245.9 451.1 266.1 438.6 278.6z\"><\/path><\/svg><\/span><\/a><\/div><\/div>\n<\/div><\/div>\n<\/div>\n<\/div>\n<\/div>\n\n\n\n\t\t\t<div class=\"wp-block-uagb-post-grid uagb-post-grid  uagb-post__image-position-top uagb-post__image-enabled uagb-block-2508b5e6     uagb-post__items uagb-post__columns-3 is-grid uagb-post__columns-tablet-3 uagb-post__columns-mobile-1 uagb-post__equal-height\" data-total=\"7\" style=\"\">\n\n\t\t\t\t\t\t\t\t\t\t\t\t<article class=\"uagb-post__inner-wrap\">\t\t\t\t\t\t\t\t<div class='uagb-post__image'>\n\t\t\t\t\t\t\t\t\t<a href=\"https:\/\/corpoequilibrado.com.br\/es\/la-mejor-maca-peruana\/\" target=\"_self\" rel=\"bookmark noopener noreferrer\" class='uagb-image-ratio-2-3'><img fetchpriority=\"high\" decoding=\"async\" width=\"1103\" height=\"630\" src=\"https:\/\/corpoequilibrado.com.br\/wp-content\/uploads\/2025\/04\/as-4-melhores-macas-peruanas-para-comprar-em-2025-now-foods-axgard-e-snake-dragon.webp\" class=\"attachment-full size-full\" alt=\"Las 4 mejores macas peruanas para comprar en 2025: Now Foods, Axgard y Snake Dragon\" srcset=\"https:\/\/corpoequilibrado.com.br\/wp-content\/uploads\/2025\/04\/as-4-melhores-macas-peruanas-para-comprar-em-2025-now-foods-axgard-e-snake-dragon.webp 1103w, https:\/\/corpoequilibrado.com.br\/wp-content\/uploads\/2025\/04\/as-4-melhores-macas-peruanas-para-comprar-em-2025-now-foods-axgard-e-snake-dragon-300x171.webp 300w, https:\/\/corpoequilibrado.com.br\/wp-content\/uploads\/2025\/04\/as-4-melhores-macas-peruanas-para-comprar-em-2025-now-foods-axgard-e-snake-dragon-1024x585.webp 1024w, https:\/\/corpoequilibrado.com.br\/wp-content\/uploads\/2025\/04\/as-4-melhores-macas-peruanas-para-comprar-em-2025-now-foods-axgard-e-snake-dragon-768x439.webp 768w, https:\/\/corpoequilibrado.com.br\/wp-content\/uploads\/2025\/04\/as-4-melhores-macas-peruanas-para-comprar-em-2025-now-foods-axgard-e-snake-dragon-18x10.webp 18w\" sizes=\"(max-width: 1103px) 100vw, 1103px\" \/>\t\t\t\t\t<\/a>\n\t\t\t\t\t\t\t<\/div>\n\t\t\t\t\t\t\t<div class=\"uagb-post__text\">\n\t\t\t\t\t<span class='uagb-post__taxonomy default'>\n\t\t\t\t\t\t\t\t\t\t\t\t<a href=\"https:\/\/corpoequilibrado.com.br\/es\/categoria-de-suplementos-y-vitaminas\/\">Suplementos y vitaminas<\/a>\t\t\t\t\t<\/span>\n\t\t\t\t<\/div>\n\t\t\t\t\t\t\t<h4 class=\"uagb-post__title uagb-post__text\">\n\t\t\t\t<a href=\"https:\/\/corpoequilibrado.com.br\/es\/la-mejor-maca-peruana\/\" target=\"_self\" rel=\"bookmark noopener noreferrer\">La mejor maca peruana: Comparativa de los 4 productos mejor valorados<\/a>\n\t\t\t<\/h4>\n\t\t\t\t\t\t<div class='uagb-post__text uagb-post-grid-byline'>\n\t\t\t\t\t\t\t<\/div>\n\t\t\t\t\t\t\t<div class='uagb-post__text uagb-post__excerpt'>\n\t\t\t\t\tLa mejor Maca Peruana: Descubre las 4 mejores opciones de Maca Peruana en 2025 para aumentar tu energ\u00eda y bienestar.\t\t\t\t<\/div>\n\t\t\t\n\t\t\t\t\t\t\t\t\t<\/article>\n\t\t\t\t\t\t\t\t\t\t\t\t\t\t\t\t<article class=\"uagb-post__inner-wrap\">\t\t\t\t\t\t\t\t<div class='uagb-post__image'>\n\t\t\t\t\t\t\t\t\t<a href=\"https:\/\/corpoequilibrado.com.br\/es\/arginina-para-que-sirve\/\" target=\"_self\" rel=\"bookmark noopener noreferrer\" class='uagb-image-ratio-2-3'><img loading=\"lazy\" decoding=\"async\" width=\"1103\" height=\"630\" src=\"https:\/\/corpoequilibrado.com.br\/wp-content\/uploads\/2025\/04\/unnamed-file-269.jpg\" class=\"attachment-full size-full\" alt=\"Arginina: Para qu\u00e9 sirve, beneficios, efectos y precauciones al usar el suplemento\" srcset=\"https:\/\/corpoequilibrado.com.br\/wp-content\/uploads\/2025\/04\/unnamed-file-269.jpg 1103w, https:\/\/corpoequilibrado.com.br\/wp-content\/uploads\/2025\/04\/unnamed-file-269-300x171.jpg 300w, https:\/\/corpoequilibrado.com.br\/wp-content\/uploads\/2025\/04\/unnamed-file-269-1024x585.jpg 1024w, https:\/\/corpoequilibrado.com.br\/wp-content\/uploads\/2025\/04\/unnamed-file-269-768x439.jpg 768w, https:\/\/corpoequilibrado.com.br\/wp-content\/uploads\/2025\/04\/unnamed-file-269-18x10.jpg 18w\" sizes=\"(max-width: 1103px) 100vw, 1103px\" \/>\t\t\t\t\t<\/a>\n\t\t\t\t\t\t\t<\/div>\n\t\t\t\t\t\t\t<div class=\"uagb-post__text\">\n\t\t\t\t\t<span class='uagb-post__taxonomy default'>\n\t\t\t\t\t\t\t\t\t\t\t\t<a href=\"https:\/\/corpoequilibrado.com.br\/es\/categoria-de-suplementos-y-vitaminas\/\">Suplementos y vitaminas<\/a>\t\t\t\t\t<\/span>\n\t\t\t\t<\/div>\n\t\t\t\t\t\t\t<h4 class=\"uagb-post__title uagb-post__text\">\n\t\t\t\t<a href=\"https:\/\/corpoequilibrado.com.br\/es\/arginina-para-que-sirve\/\" target=\"_self\" rel=\"bookmark noopener noreferrer\">Arginina: qu\u00e9 es, para qu\u00e9 sirve y d\u00f3nde encontrar este potente nutriente<\/a>\n\t\t\t<\/h4>\n\t\t\t\t\t\t<div class='uagb-post__text uagb-post-grid-byline'>\n\t\t\t\t\t\t\t<\/div>\n\t\t\t\t\t\t\t<div class='uagb-post__text uagb-post__excerpt'>\n\t\t\t\t\tLa arginina es esencial para la salud. Descubre sus beneficios y c\u00f3mo incluirlo en tu rutina diaria.\t\t\t\t<\/div>\n\t\t\t\n\t\t\t\t\t\t\t\t\t<\/article>\n\t\t\t\t\t\t\t\t\t\t\t\t\t\t\t\t<article class=\"uagb-post__inner-wrap\">\t\t\t\t\t\t\t\t<div class='uagb-post__image'>\n\t\t\t\t\t\t\t\t\t<a href=\"https:\/\/corpoequilibrado.com.br\/es\/para-que-sirve-la-creatina\/\" target=\"_self\" rel=\"bookmark noopener noreferrer\" class='uagb-image-ratio-2-3'><img loading=\"lazy\" decoding=\"async\" width=\"1103\" height=\"630\" src=\"https:\/\/corpoequilibrado.com.br\/wp-content\/uploads\/2025\/04\/unnamed-file-261.jpg\" class=\"attachment-full size-full\" alt=\"\u00bfPara qu\u00e9 sirve la creatina? Beneficios, c\u00f3mo tomarlo y efectos en el organismo\" srcset=\"https:\/\/corpoequilibrado.com.br\/wp-content\/uploads\/2025\/04\/unnamed-file-261.jpg 1103w, https:\/\/corpoequilibrado.com.br\/wp-content\/uploads\/2025\/04\/unnamed-file-261-300x171.jpg 300w, https:\/\/corpoequilibrado.com.br\/wp-content\/uploads\/2025\/04\/unnamed-file-261-1024x585.jpg 1024w, https:\/\/corpoequilibrado.com.br\/wp-content\/uploads\/2025\/04\/unnamed-file-261-768x439.jpg 768w, https:\/\/corpoequilibrado.com.br\/wp-content\/uploads\/2025\/04\/unnamed-file-261-18x10.jpg 18w\" sizes=\"(max-width: 1103px) 100vw, 1103px\" \/>\t\t\t\t\t<\/a>\n\t\t\t\t\t\t\t<\/div>\n\t\t\t\t\t\t\t<div class=\"uagb-post__text\">\n\t\t\t\t\t<span class='uagb-post__taxonomy default'>\n\t\t\t\t\t\t\t\t\t\t\t\t<a href=\"https:\/\/corpoequilibrado.com.br\/es\/categoria-de-suplementos-y-vitaminas\/\">Suplementos y vitaminas<\/a>\t\t\t\t\t<\/span>\n\t\t\t\t<\/div>\n\t\t\t\t\t\t\t<h4 class=\"uagb-post__title uagb-post__text\">\n\t\t\t\t<a href=\"https:\/\/corpoequilibrado.com.br\/es\/para-que-sirve-la-creatina\/\" target=\"_self\" rel=\"bookmark noopener noreferrer\">\u00bfPara qu\u00e9 sirve la creatina? Beneficios, c\u00f3mo tomarlo y efectos en el organismo<\/a>\n\t\t\t<\/h4>\n\t\t\t\t\t\t<div class='uagb-post__text uagb-post-grid-byline'>\n\t\t\t\t\t\t\t<\/div>\n\t\t\t\t\t\t\t<div class='uagb-post__text uagb-post__excerpt'>\n\t\t\t\t\tEntiende para qu\u00e9 sirve la creatina y c\u00f3mo puede mejorar tu rendimiento f\u00edsico.\t\t\t\t<\/div>\n\t\t\t\n\t\t\t\t\t\t\t\t\t<\/article>\n\t\t\t\t\t\t\t\t\t\t\t<\/div>\n\t\t\t<\/div><\/div>\n\n\n\n<div class=\"wp-block-uagb-separator uagb-block-dc18f110\"><div class=\"wp-block-uagb-separator__inner\" style=\"--my-background-image:\"><\/div><\/div>\n\n\n\n<div class=\"wp-block-uagb-container uagb-block-b313164d alignfull uagb-is-root-container\"><div class=\"uagb-container-inner-blocks-wrap\">\n<div class=\"wp-block-uagb-container uagb-block-5b0b940f\">\n<div class=\"wp-block-uagb-advanced-heading uagb-block-58985365\"><h2 class=\"uagb-heading-text\">Salud endocrina y hormonal<\/h2><\/div>\n\n\n\n<div class=\"wp-block-uagb-buttons uagb-buttons__outer-wrap uagb-btn__default-btn uagb-btn-tablet__default-btn uagb-btn-mobile__default-btn uagb-block-29d75018\"><div class=\"uagb-buttons__wrap uagb-buttons-layout-wrap\">\n<div class=\"wp-block-uagb-buttons-child uagb-buttons__outer-wrap uagb-block-b7846a7f wp-block-button\"><div class=\"uagb-button__wrapper\"><a class=\"uagb-buttons-repeater wp-block-button__link\" aria-label=\"\" href=\"https:\/\/corpoequilibrado.com.br\/es\/categoria-de-salud-endocrina-y-hormonal\/\" rel=\"follow noopener\" target=\"_blank\" role=\"button\"><div class=\"uagb-button__link\">Ver todo<\/div><span class=\"uagb-button__icon uagb-button__icon-position-after\"><svg xmlns=\"https:\/\/www.w3.org\/2000\/svg\" viewbox=\"0 0 448 512\" aria-hidden=\"true\" focussable=\"false\"><path d=\"M438.6 278.6l-160 160C272.4 444.9 264.2 448 256 448s-16.38-3.125-22.62-9.375c-12.5-12.5-12.5-32.75 0-45.25L338.8 288H32C14.33 288 .0016 273.7 .0016 256S14.33 224 32 224h306.8l-105.4-105.4c-12.5-12.5-12.5-32.75 0-45.25s32.75-12.5 45.25 0l160 160C451.1 245.9 451.1 266.1 438.6 278.6z\"><\/path><\/svg><\/span><\/a><\/div><\/div>\n<\/div><\/div>\n<\/div>\n\n\n\n\t\t\t<div class=\"wp-block-uagb-post-grid uagb-post-grid  uagb-post__image-position-background uagb-post__image-enabled uagb-block-90494933     uagb-post__items uagb-post__columns-2 is-grid uagb-post__columns-tablet-2 uagb-post__columns-mobile-1 uagb-post__equal-height\" data-total=\"4\" style=\"\">\n\n\t\t\t\t\t\t\t\t\t\t\t\t<article class=\"uagb-post__inner-wrap\">\t\t\t\t\t\t\t\t\t<div class=\"uagb-post__text\">\n\t\t\t\t\t<span class='uagb-post__taxonomy default'>\n\t\t\t\t\t\t\t\t\t\t\t\t<a href=\"https:\/\/corpoequilibrado.com.br\/es\/categoria-de-salud-endocrina-y-hormonal\/\">Salud endocrina y hormonal<\/a>\t\t\t\t\t<\/span>\n\t\t\t\t<\/div>\n\t\t\t\t\t\t\t<h4 class=\"uagb-post__title uagb-post__text\">\n\t\t\t\t<a href=\"https:\/\/corpoequilibrado.com.br\/es\/desequilibrio-hormonal\/\" target=\"_self\" rel=\"bookmark noopener noreferrer\">Desequilibrio hormonal: s\u00edntomas, causas y c\u00f3mo lograrlo de forma natural<\/a>\n\t\t\t<\/h4>\n\t\t\t\t\t\t<div class='uagb-post__text uagb-post-grid-byline'>\n\t\t\t\t\t\t\t<\/div>\n\t\t\t\t\t\t<div class='uagb-post__image'>\n\t\t\t\t\t\t\t\t\t<a href=\"https:\/\/corpoequilibrado.com.br\/es\/desequilibrio-hormonal\/\" target=\"_self\" rel=\"bookmark noopener noreferrer\"><img loading=\"lazy\" decoding=\"async\" width=\"1103\" height=\"630\" src=\"https:\/\/corpoequilibrado.com.br\/wp-content\/uploads\/2025\/04\/unnamed-file-139.jpg\" class=\"attachment-full size-full\" alt=\"Desequilibrio hormonal: s\u00edntomas, causas y c\u00f3mo lograrlo de forma natural\" srcset=\"https:\/\/corpoequilibrado.com.br\/wp-content\/uploads\/2025\/04\/unnamed-file-139.jpg 1103w, https:\/\/corpoequilibrado.com.br\/wp-content\/uploads\/2025\/04\/unnamed-file-139-300x171.jpg 300w, https:\/\/corpoequilibrado.com.br\/wp-content\/uploads\/2025\/04\/unnamed-file-139-1024x585.jpg 1024w, https:\/\/corpoequilibrado.com.br\/wp-content\/uploads\/2025\/04\/unnamed-file-139-768x439.jpg 768w, https:\/\/corpoequilibrado.com.br\/wp-content\/uploads\/2025\/04\/unnamed-file-139-18x10.jpg 18w\" sizes=\"(max-width: 1103px) 100vw, 1103px\" \/>\t\t\t\t\t<\/a>\n\t\t\t\t\t\t\t\t\t<\/div>\n\t\t\t\n\t\t\t\t\t\t\t\t<a class=\"uagb-post__link-complete-box\" href=\"https:\/\/corpoequilibrado.com.br\/es\/desequilibrio-hormonal\/\" target=\"_self\" rel=\"bookmark noopener noreferrer\"><\/a>\n\t\t\t\t\t\t\t<\/article>\n\t\t\t\t\t\t\t\t\t\t\t\t\t\t\t\t<article class=\"uagb-post__inner-wrap\">\t\t\t\t\t\t\t\t\t<div class=\"uagb-post__text\">\n\t\t\t\t\t<span class='uagb-post__taxonomy default'>\n\t\t\t\t\t\t\t\t\t\t\t\t<a href=\"https:\/\/corpoequilibrado.com.br\/es\/categoria-de-salud-endocrina-y-hormonal\/\">Salud endocrina y hormonal<\/a>\t\t\t\t\t<\/span>\n\t\t\t\t<\/div>\n\t\t\t\t\t\t\t<h4 class=\"uagb-post__title uagb-post__text\">\n\t\t\t\t<a href=\"https:\/\/corpoequilibrado.com.br\/es\/diabetes-gestacional\/\" target=\"_self\" rel=\"bookmark noopener noreferrer\">Diabetes gestacional: s\u00edntomas, riesgos, tratamiento y cuidados esenciales durante el embarazo<\/a>\n\t\t\t<\/h4>\n\t\t\t\t\t\t<div class='uagb-post__text uagb-post-grid-byline'>\n\t\t\t\t\t\t\t<\/div>\n\t\t\t\t\t\t<div class='uagb-post__image'>\n\t\t\t\t\t\t\t\t\t<a href=\"https:\/\/corpoequilibrado.com.br\/es\/diabetes-gestacional\/\" target=\"_self\" rel=\"bookmark noopener noreferrer\"><img loading=\"lazy\" decoding=\"async\" width=\"1103\" height=\"630\" src=\"https:\/\/corpoequilibrado.com.br\/wp-content\/uploads\/2025\/04\/unnamed-file-121.jpg\" class=\"attachment-full size-full\" alt=\"Diabetes gestacional: s\u00edntomas, riesgos, tratamiento y cuidados esenciales durante el embarazo\" srcset=\"https:\/\/corpoequilibrado.com.br\/wp-content\/uploads\/2025\/04\/unnamed-file-121.jpg 1103w, https:\/\/corpoequilibrado.com.br\/wp-content\/uploads\/2025\/04\/unnamed-file-121-300x171.jpg 300w, https:\/\/corpoequilibrado.com.br\/wp-content\/uploads\/2025\/04\/unnamed-file-121-1024x585.jpg 1024w, https:\/\/corpoequilibrado.com.br\/wp-content\/uploads\/2025\/04\/unnamed-file-121-768x439.jpg 768w\" sizes=\"(max-width: 1103px) 100vw, 1103px\" \/>\t\t\t\t\t<\/a>\n\t\t\t\t\t\t\t\t\t<\/div>\n\t\t\t\n\t\t\t\t\t\t\t\t<a class=\"uagb-post__link-complete-box\" href=\"https:\/\/corpoequilibrado.com.br\/es\/diabetes-gestacional\/\" target=\"_self\" rel=\"bookmark noopener noreferrer\"><\/a>\n\t\t\t\t\t\t\t<\/article>\n\t\t\t\t\t\t\t\t\t\t\t<\/div>\n\t\t\t<\/div><\/div>\n\n\n\n<div class=\"wp-block-uagb-separator uagb-block-82a3def9\"><div class=\"wp-block-uagb-separator__inner\" style=\"--my-background-image:\"><\/div><\/div>\n\n\n\n<div class=\"wp-block-uagb-container uagb-block-e5714c97 alignfull uagb-is-root-container\"><div class=\"uagb-container-inner-blocks-wrap\">\n<div class=\"wp-block-columns is-layout-flex wp-container-core-columns-is-layout-28f84493 wp-block-columns-is-layout-flex\">\n<div class=\"wp-block-column is-layout-flow wp-block-column-is-layout-flow\" style=\"flex-basis:100%\">\n<div class=\"wp-block-uagb-container uagb-layout-flex uagb-block-55f7bb83\">\n<div class=\"wp-block-columns is-layout-flex wp-container-core-columns-is-layout-28f84493 wp-block-columns-is-layout-flex\">\n<div class=\"wp-block-column is-layout-flow wp-block-column-is-layout-flow\" style=\"flex-basis:100%\">\n<div class=\"wp-block-uagb-advanced-heading uagb-block-0ff92f1b\"><h2 class=\"uagb-heading-text\">Salud bucal<\/h2><\/div>\n<\/div>\n<\/div>\n\n\n\n<div class=\"wp-block-uagb-buttons uagb-buttons__outer-wrap uagb-btn__default-btn uagb-btn-tablet__default-btn uagb-btn-mobile__default-btn uagb-block-7909ba66\"><div class=\"uagb-buttons__wrap uagb-buttons-layout-wrap\">\n<div class=\"wp-block-uagb-buttons-child uagb-buttons__outer-wrap uagb-block-44df1071 wp-block-button\"><div class=\"uagb-button__wrapper\"><a class=\"uagb-buttons-repeater wp-block-button__link\" aria-label=\"\" href=\"https:\/\/corpoequilibrado.com.br\/es\/categoria-de-salud-bucal\/\" rel=\"follow noopener\" target=\"_blank\" role=\"button\"><div class=\"uagb-button__link\">Ver todo<\/div><span class=\"uagb-button__icon uagb-button__icon-position-after\"><svg xmlns=\"https:\/\/www.w3.org\/2000\/svg\" viewbox=\"0 0 448 512\" aria-hidden=\"true\" focussable=\"false\"><path d=\"M438.6 278.6l-160 160C272.4 444.9 264.2 448 256 448s-16.38-3.125-22.62-9.375c-12.5-12.5-12.5-32.75 0-45.25L338.8 288H32C14.33 288 .0016 273.7 .0016 256S14.33 224 32 224h306.8l-105.4-105.4c-12.5-12.5-12.5-32.75 0-45.25s32.75-12.5 45.25 0l160 160C451.1 245.9 451.1 266.1 438.6 278.6z\"><\/path><\/svg><\/span><\/a><\/div><\/div>\n<\/div><\/div>\n<\/div>\n<\/div>\n<\/div>\n\n\n\n\t\t\t<div class=\"wp-block-uagb-post-grid uagb-post-grid  uagb-post__image-position-top uagb-post__image-enabled uagb-block-aadb8e6c     uagb-post__items uagb-post__columns-3 is-grid uagb-post__columns-tablet-3 uagb-post__columns-mobile-1 uagb-post__equal-height\" data-total=\"3\" style=\"\">\n\n\t\t\t\t\t\t\t\t\t\t\t\t<article class=\"uagb-post__inner-wrap\">\t\t\t\t\t\t\t\t<div class='uagb-post__image'>\n\t\t\t\t\t\t\t\t\t<a href=\"https:\/\/corpoequilibrado.com.br\/es\/causas-tratamiento-y-prevencion-de-las-ulceras-bucales\/\" target=\"_self\" rel=\"bookmark noopener noreferrer\" class='uagb-image-ratio-2-3'><img loading=\"lazy\" decoding=\"async\" width=\"940\" height=\"627\" src=\"https:\/\/corpoequilibrado.com.br\/wp-content\/uploads\/2025\/04\/pexels-photo-3812731-3812731.jpg\" class=\"attachment-full size-full\" alt=\"\u00dalcera bucal\" srcset=\"https:\/\/corpoequilibrado.com.br\/wp-content\/uploads\/2025\/04\/pexels-photo-3812731-3812731.jpg 940w, https:\/\/corpoequilibrado.com.br\/wp-content\/uploads\/2025\/04\/pexels-photo-3812731-3812731-300x200.jpg 300w, https:\/\/corpoequilibrado.com.br\/wp-content\/uploads\/2025\/04\/pexels-photo-3812731-3812731-768x512.jpg 768w, https:\/\/corpoequilibrado.com.br\/wp-content\/uploads\/2025\/04\/pexels-photo-3812731-3812731-18x12.jpg 18w\" sizes=\"(max-width: 940px) 100vw, 940px\" \/>\t\t\t\t\t<\/a>\n\t\t\t\t\t\t\t<\/div>\n\t\t\t\t\t\t\t<div class=\"uagb-post__text\">\n\t\t\t\t\t<span class='uagb-post__taxonomy default'>\n\t\t\t\t\t\t\t\t\t\t\t\t<a href=\"https:\/\/corpoequilibrado.com.br\/es\/categoria-de-salud-bucal\/\">Salud bucal<\/a>\t\t\t\t\t<\/span>\n\t\t\t\t<\/div>\n\t\t\t\t\t\t\t<h4 class=\"uagb-post__title uagb-post__text\">\n\t\t\t\t<a href=\"https:\/\/corpoequilibrado.com.br\/es\/causas-tratamiento-y-prevencion-de-las-ulceras-bucales\/\" target=\"_self\" rel=\"bookmark noopener noreferrer\">\u00dalcera bucal: qu\u00e9 es, causas, tratamientos y c\u00f3mo curarla r\u00e1pidamente<\/a>\n\t\t\t<\/h4>\n\t\t\t\t\t\t<div class='uagb-post__text uagb-post-grid-byline'>\n\t\t\t\t\t\t\t<\/div>\n\t\t\t\t\t\t\t<div class='uagb-post__text uagb-post__excerpt'>\n\t\t\t\t\t\u00bfLas \u00falceras bucales afectan tu vida diaria? \u00a1Descubre formas efectivas de aliviar las molestias!\t\t\t\t<\/div>\n\t\t\t\n\t\t\t\t\t\t\t\t\t<\/article>\n\t\t\t\t\t\t\t\t\t\t\t\t\t\t\t\t<article class=\"uagb-post__inner-wrap\">\t\t\t\t\t\t\t\t<div class='uagb-post__image'>\n\t\t\t\t\t\t\t\t\t<a href=\"https:\/\/corpoequilibrado.com.br\/es\/sarro-en-los-dientes\/\" target=\"_self\" rel=\"bookmark noopener noreferrer\" class='uagb-image-ratio-2-3'><img loading=\"lazy\" decoding=\"async\" width=\"1280\" height=\"960\" src=\"https:\/\/corpoequilibrado.com.br\/wp-content\/uploads\/2025\/04\/g38383733f74dfb398463a5d7d344ba3f9bb5cbcdbf7ff1fb4623d07586ec2abc192e2c92111e66fc40b1e37072324ff1_1280-414489.jpg\" class=\"attachment-full size-full\" alt=\"Sarro en el diente\" srcset=\"https:\/\/corpoequilibrado.com.br\/wp-content\/uploads\/2025\/04\/g38383733f74dfb398463a5d7d344ba3f9bb5cbcdbf7ff1fb4623d07586ec2abc192e2c92111e66fc40b1e37072324ff1_1280-414489.jpg 1280w, https:\/\/corpoequilibrado.com.br\/wp-content\/uploads\/2025\/04\/g38383733f74dfb398463a5d7d344ba3f9bb5cbcdbf7ff1fb4623d07586ec2abc192e2c92111e66fc40b1e37072324ff1_1280-414489-300x225.jpg 300w, https:\/\/corpoequilibrado.com.br\/wp-content\/uploads\/2025\/04\/g38383733f74dfb398463a5d7d344ba3f9bb5cbcdbf7ff1fb4623d07586ec2abc192e2c92111e66fc40b1e37072324ff1_1280-414489-1024x768.jpg 1024w, https:\/\/corpoequilibrado.com.br\/wp-content\/uploads\/2025\/04\/g38383733f74dfb398463a5d7d344ba3f9bb5cbcdbf7ff1fb4623d07586ec2abc192e2c92111e66fc40b1e37072324ff1_1280-414489-768x576.jpg 768w, https:\/\/corpoequilibrado.com.br\/wp-content\/uploads\/2025\/04\/g38383733f74dfb398463a5d7d344ba3f9bb5cbcdbf7ff1fb4623d07586ec2abc192e2c92111e66fc40b1e37072324ff1_1280-414489-16x12.jpg 16w\" sizes=\"(max-width: 1280px) 100vw, 1280px\" \/>\t\t\t\t\t<\/a>\n\t\t\t\t\t\t\t<\/div>\n\t\t\t\t\t\t\t<div class=\"uagb-post__text\">\n\t\t\t\t\t<span class='uagb-post__taxonomy default'>\n\t\t\t\t\t\t\t\t\t\t\t\t<a href=\"https:\/\/corpoequilibrado.com.br\/es\/categoria-de-salud-bucal\/\">Salud bucal<\/a>\t\t\t\t\t<\/span>\n\t\t\t\t<\/div>\n\t\t\t\t\t\t\t<h4 class=\"uagb-post__title uagb-post__text\">\n\t\t\t\t<a href=\"https:\/\/corpoequilibrado.com.br\/es\/sarro-en-los-dientes\/\" target=\"_self\" rel=\"bookmark noopener noreferrer\">Sarro en los dientes: qu\u00e9 es, c\u00f3mo eliminarlo y prevenir su acumulaci\u00f3n<\/a>\n\t\t\t<\/h4>\n\t\t\t\t\t\t<div class='uagb-post__text uagb-post-grid-byline'>\n\t\t\t\t\t\t\t<\/div>\n\t\t\t\t\t\t\t<div class='uagb-post__text uagb-post__excerpt'>\n\t\t\t\t\tEl sarro en los dientes afecta a nuestra salud bucal. Descubre sus causas y c\u00f3mo evitarlo.\t\t\t\t<\/div>\n\t\t\t\n\t\t\t\t\t\t\t\t\t<\/article>\n\t\t\t\t\t\t\t\t\t\t\t\t\t\t\t\t<article class=\"uagb-post__inner-wrap\">\t\t\t\t\t\t\t\t<div class='uagb-post__image'>\n\t\t\t\t\t\t\t\t\t<a href=\"https:\/\/corpoequilibrado.com.br\/es\/sensibilidad-dental\/\" target=\"_self\" rel=\"bookmark noopener noreferrer\" class='uagb-image-ratio-2-3'><img loading=\"lazy\" decoding=\"async\" width=\"1103\" height=\"630\" src=\"https:\/\/corpoequilibrado.com.br\/wp-content\/uploads\/2025\/04\/unnamed-file-187.jpg\" class=\"attachment-full size-full\" alt=\"Sensibilidad dental: qu\u00e9 la causa y c\u00f3mo tratarla eficazmente\" srcset=\"https:\/\/corpoequilibrado.com.br\/wp-content\/uploads\/2025\/04\/unnamed-file-187.jpg 1103w, https:\/\/corpoequilibrado.com.br\/wp-content\/uploads\/2025\/04\/unnamed-file-187-300x171.jpg 300w, https:\/\/corpoequilibrado.com.br\/wp-content\/uploads\/2025\/04\/unnamed-file-187-1024x585.jpg 1024w, https:\/\/corpoequilibrado.com.br\/wp-content\/uploads\/2025\/04\/unnamed-file-187-768x439.jpg 768w, https:\/\/corpoequilibrado.com.br\/wp-content\/uploads\/2025\/04\/unnamed-file-187-18x10.jpg 18w\" sizes=\"(max-width: 1103px) 100vw, 1103px\" \/>\t\t\t\t\t<\/a>\n\t\t\t\t\t\t\t<\/div>\n\t\t\t\t\t\t\t<div class=\"uagb-post__text\">\n\t\t\t\t\t<span class='uagb-post__taxonomy default'>\n\t\t\t\t\t\t\t\t\t\t\t\t<a href=\"https:\/\/corpoequilibrado.com.br\/es\/categoria-de-salud-bucal\/\">Salud bucal<\/a>\t\t\t\t\t<\/span>\n\t\t\t\t<\/div>\n\t\t\t\t\t\t\t<h4 class=\"uagb-post__title uagb-post__text\">\n\t\t\t\t<a href=\"https:\/\/corpoequilibrado.com.br\/es\/sensibilidad-dental\/\" target=\"_self\" rel=\"bookmark noopener noreferrer\">Sensibilidad dental: qu\u00e9 la causa y c\u00f3mo tratarla eficazmente<\/a>\n\t\t\t<\/h4>\n\t\t\t\t\t\t<div class='uagb-post__text uagb-post-grid-byline'>\n\t\t\t\t\t\t\t<\/div>\n\t\t\t\t\t\t\t<div class='uagb-post__text uagb-post__excerpt'>\n\t\t\t\t\t\u00bfTe molesta la sensibilidad dental? Descubra las causas y c\u00f3mo tratarlas eficazmente ahora.\t\t\t\t<\/div>\n\t\t\t\n\t\t\t\t\t\t\t\t\t<\/article>\n\t\t\t\t\t\t\t\t\t\t\t<\/div>\n\t\t\t<\/div><\/div>\n\n\n\n<div class=\"wp-block-uagb-separator uagb-block-87948258\"><div class=\"wp-block-uagb-separator__inner\" style=\"--my-background-image:\"><\/div><\/div>\n\n\n\n<div class=\"wp-block-uagb-container uagb-block-b68274a3 alignfull uagb-is-root-container\"><div class=\"uagb-container-inner-blocks-wrap\">\n<div class=\"wp-block-uagb-container uagb-block-466a93e1\">\n<div class=\"wp-block-uagb-advanced-heading uagb-block-402bbb5d\"><h2 class=\"uagb-heading-text\">Salud digestiva<\/h2><\/div>\n\n\n\n<div class=\"wp-block-uagb-buttons uagb-buttons__outer-wrap uagb-btn__default-btn uagb-btn-tablet__default-btn uagb-btn-mobile__default-btn uagb-block-98db85c6\"><div class=\"uagb-buttons__wrap uagb-buttons-layout-wrap\">\n<div class=\"wp-block-uagb-buttons-child uagb-buttons__outer-wrap uagb-block-72db2359 wp-block-button\"><div class=\"uagb-button__wrapper\"><a class=\"uagb-buttons-repeater wp-block-button__link\" aria-label=\"\" href=\"https:\/\/corpoequilibrado.com.br\/es\/categoria-de-salud-digestiva\/\" rel=\"follow noopener\" target=\"_blank\" role=\"button\"><div class=\"uagb-button__link\">Ver todo<\/div><span class=\"uagb-button__icon uagb-button__icon-position-after\"><svg xmlns=\"https:\/\/www.w3.org\/2000\/svg\" viewbox=\"0 0 448 512\" aria-hidden=\"true\" focussable=\"false\"><path d=\"M438.6 278.6l-160 160C272.4 444.9 264.2 448 256 448s-16.38-3.125-22.62-9.375c-12.5-12.5-12.5-32.75 0-45.25L338.8 288H32C14.33 288 .0016 273.7 .0016 256S14.33 224 32 224h306.8l-105.4-105.4c-12.5-12.5-12.5-32.75 0-45.25s32.75-12.5 45.25 0l160 160C451.1 245.9 451.1 266.1 438.6 278.6z\"><\/path><\/svg><\/span><\/a><\/div><\/div>\n<\/div><\/div>\n<\/div>\n\n\n\n\t\t\t<div class=\"wp-block-uagb-post-grid uagb-post-grid  uagb-post__image-position-background uagb-post__image-enabled uagb-block-9988c7b9     uagb-post__items uagb-post__columns-2 is-grid uagb-post__columns-tablet-2 uagb-post__columns-mobile-1 uagb-post__equal-height\" data-total=\"2\" style=\"\">\n\n\t\t\t\t\t\t\t\t\t\t\t\t<article class=\"uagb-post__inner-wrap\">\t\t\t\t\t\t\t\t\t<div class=\"uagb-post__text\">\n\t\t\t\t\t<span class='uagb-post__taxonomy default'>\n\t\t\t\t\t\t\t\t\t\t\t\t<a href=\"https:\/\/corpoequilibrado.com.br\/es\/categoria-de-salud-digestiva\/\">Salud digestiva<\/a>\t\t\t\t\t<\/span>\n\t\t\t\t<\/div>\n\t\t\t\t\t\t\t<h4 class=\"uagb-post__title uagb-post__text\">\n\t\t\t\t<a href=\"https:\/\/corpoequilibrado.com.br\/es\/guia-completa-de-digestion\/\" target=\"_self\" rel=\"bookmark noopener noreferrer\">Digesti\u00f3n: Gu\u00eda completa con consejos, alimentos y soluciones naturales para mejorar tu sistema digestivo<\/a>\n\t\t\t<\/h4>\n\t\t\t\t\t\t<div class='uagb-post__text uagb-post-grid-byline'>\n\t\t\t\t\t\t\t<\/div>\n\t\t\t\t\t\t<div class='uagb-post__image'>\n\t\t\t\t\t\t\t\t\t<a href=\"https:\/\/corpoequilibrado.com.br\/es\/guia-completa-de-digestion\/\" target=\"_self\" rel=\"bookmark noopener noreferrer\"><img loading=\"lazy\" decoding=\"async\" width=\"940\" height=\"627\" src=\"https:\/\/corpoequilibrado.com.br\/wp-content\/uploads\/2025\/04\/pexels-photo-8184251-8184251.jpg\" class=\"attachment-full size-full\" alt=\"gu\u00eda completa de digesti\u00f3n\" srcset=\"https:\/\/corpoequilibrado.com.br\/wp-content\/uploads\/2025\/04\/pexels-photo-8184251-8184251.jpg 940w, https:\/\/corpoequilibrado.com.br\/wp-content\/uploads\/2025\/04\/pexels-photo-8184251-8184251-300x200.jpg 300w, https:\/\/corpoequilibrado.com.br\/wp-content\/uploads\/2025\/04\/pexels-photo-8184251-8184251-768x512.jpg 768w, https:\/\/corpoequilibrado.com.br\/wp-content\/uploads\/2025\/04\/pexels-photo-8184251-8184251-18x12.jpg 18w\" sizes=\"(max-width: 940px) 100vw, 940px\" \/>\t\t\t\t\t<\/a>\n\t\t\t\t\t\t\t\t\t<\/div>\n\t\t\t\n\t\t\t\t\t\t\t\t<a class=\"uagb-post__link-complete-box\" href=\"https:\/\/corpoequilibrado.com.br\/es\/guia-completa-de-digestion\/\" target=\"_self\" rel=\"bookmark noopener noreferrer\"><\/a>\n\t\t\t\t\t\t\t<\/article>\n\t\t\t\t\t\t\t\t\t\t\t\t\t\t\t\t<article class=\"uagb-post__inner-wrap\">\t\t\t\t\t\t\t\t\t<div class=\"uagb-post__text\">\n\t\t\t\t\t<span class='uagb-post__taxonomy default'>\n\t\t\t\t\t\t\t\t\t\t\t\t<a href=\"https:\/\/corpoequilibrado.com.br\/es\/categoria-de-salud-digestiva\/\">Salud digestiva<\/a>\t\t\t\t\t<\/span>\n\t\t\t\t<\/div>\n\t\t\t\t\t\t\t<h4 class=\"uagb-post__title uagb-post__text\">\n\t\t\t\t<a href=\"https:\/\/corpoequilibrado.com.br\/es\/tratamiento-de-los-sintomas-del-reflujo\/\" target=\"_self\" rel=\"bookmark noopener noreferrer\">Reflujo: S\u00edntomas, Causas, Tratamientos y C\u00f3mo Aliviarlo Naturalmente<\/a>\n\t\t\t<\/h4>\n\t\t\t\t\t\t<div class='uagb-post__text uagb-post-grid-byline'>\n\t\t\t\t\t\t\t<\/div>\n\t\t\t\t\t\t<div class='uagb-post__image'>\n\t\t\t\t\t\t\t\t\t<a href=\"https:\/\/corpoequilibrado.com.br\/es\/tratamiento-de-los-sintomas-del-reflujo\/\" target=\"_self\" rel=\"bookmark noopener noreferrer\"><img loading=\"lazy\" decoding=\"async\" width=\"1103\" height=\"630\" src=\"https:\/\/corpoequilibrado.com.br\/wp-content\/uploads\/2025\/04\/unnamed-file-108.jpg\" class=\"attachment-full size-full\" alt=\"reflujo gastroesof\u00e1gico\" srcset=\"https:\/\/corpoequilibrado.com.br\/wp-content\/uploads\/2025\/04\/unnamed-file-108.jpg 1103w, https:\/\/corpoequilibrado.com.br\/wp-content\/uploads\/2025\/04\/unnamed-file-108-300x171.jpg 300w, https:\/\/corpoequilibrado.com.br\/wp-content\/uploads\/2025\/04\/unnamed-file-108-1024x585.jpg 1024w, https:\/\/corpoequilibrado.com.br\/wp-content\/uploads\/2025\/04\/unnamed-file-108-768x439.jpg 768w\" sizes=\"(max-width: 1103px) 100vw, 1103px\" \/>\t\t\t\t\t<\/a>\n\t\t\t\t\t\t\t\t\t<\/div>\n\t\t\t\n\t\t\t\t\t\t\t\t<a class=\"uagb-post__link-complete-box\" href=\"https:\/\/corpoequilibrado.com.br\/es\/tratamiento-de-los-sintomas-del-reflujo\/\" target=\"_self\" rel=\"bookmark noopener noreferrer\"><\/a>\n\t\t\t\t\t\t\t<\/article>\n\t\t\t\t\t\t\t\t\t\t\t<\/div>\n\t\t\t<\/div><\/div>\n\n\n\n<div class=\"wp-block-uagb-separator uagb-block-c757af68\"><div class=\"wp-block-uagb-separator__inner\" style=\"--my-background-image:\"><\/div><\/div>\n\n\n\n<div class=\"wp-block-uagb-container uagb-block-d8f123c9 alignfull uagb-is-root-container\"><div class=\"uagb-container-inner-blocks-wrap\">\n<div class=\"wp-block-columns is-layout-flex wp-container-core-columns-is-layout-28f84493 wp-block-columns-is-layout-flex\">\n<div class=\"wp-block-column is-layout-flow wp-block-column-is-layout-flow\" style=\"flex-basis:100%\">\n<div class=\"wp-block-uagb-container uagb-layout-flex uagb-block-824520ee\">\n<div class=\"wp-block-columns is-layout-flex wp-container-core-columns-is-layout-28f84493 wp-block-columns-is-layout-flex\">\n<div class=\"wp-block-column is-layout-flow wp-block-column-is-layout-flow\" style=\"flex-basis:100%\">\n<div class=\"wp-block-uagb-advanced-heading uagb-block-db860553\"><h2 class=\"uagb-heading-text\">P\u00e9rdida de peso y dieta<\/h2><\/div>\n<\/div>\n<\/div>\n\n\n\n<div class=\"wp-block-uagb-buttons uagb-buttons__outer-wrap uagb-btn__default-btn uagb-btn-tablet__default-btn uagb-btn-mobile__default-btn uagb-block-060e7bf0\"><div class=\"uagb-buttons__wrap uagb-buttons-layout-wrap\">\n<div class=\"wp-block-uagb-buttons-child uagb-buttons__outer-wrap uagb-block-e1c319f2 wp-block-button\"><div class=\"uagb-button__wrapper\"><a class=\"uagb-buttons-repeater wp-block-button__link\" aria-label=\"\" href=\"https:\/\/corpoequilibrado.com.br\/es\/categoria-de-perdida-de-peso-y-dieta\/\" rel=\"follow noopener\" target=\"_blank\" role=\"button\"><div class=\"uagb-button__link\">Ver todo<\/div><span class=\"uagb-button__icon uagb-button__icon-position-after\"><svg xmlns=\"https:\/\/www.w3.org\/2000\/svg\" viewbox=\"0 0 448 512\" aria-hidden=\"true\" focussable=\"false\"><path d=\"M438.6 278.6l-160 160C272.4 444.9 264.2 448 256 448s-16.38-3.125-22.62-9.375c-12.5-12.5-12.5-32.75 0-45.25L338.8 288H32C14.33 288 .0016 273.7 .0016 256S14.33 224 32 224h306.8l-105.4-105.4c-12.5-12.5-12.5-32.75 0-45.25s32.75-12.5 45.25 0l160 160C451.1 245.9 451.1 266.1 438.6 278.6z\"><\/path><\/svg><\/span><\/a><\/div><\/div>\n<\/div><\/div>\n<\/div>\n<\/div>\n<\/div>\n\n\n\n\t\t\t<div class=\"wp-block-uagb-post-grid uagb-post-grid  uagb-post__image-position-top uagb-post__image-enabled uagb-block-0b1192cb     uagb-post__items uagb-post__columns-3 is-grid uagb-post__columns-tablet-3 uagb-post__columns-mobile-1 uagb-post__equal-height\" data-total=\"2\" style=\"\">\n\n\t\t\t\t\t\t\t\t\t\t\t\t<article class=\"uagb-post__inner-wrap\">\t\t\t\t\t\t\t\t<div class='uagb-post__image'>\n\t\t\t\t\t\t\t\t\t<a href=\"https:\/\/corpoequilibrado.com.br\/es\/calculadora-para-calcular-el-imc\/\" target=\"_self\" rel=\"bookmark noopener noreferrer\" class='uagb-image-ratio-2-3'><img loading=\"lazy\" decoding=\"async\" width=\"940\" height=\"625\" src=\"https:\/\/corpoequilibrado.com.br\/wp-content\/uploads\/2025\/04\/scale-diet-fat-health-53404-53404.jpg\" class=\"attachment-full size-full\" alt=\"calculadora de IMC\" srcset=\"https:\/\/corpoequilibrado.com.br\/wp-content\/uploads\/2025\/04\/scale-diet-fat-health-53404-53404.jpg 940w, https:\/\/corpoequilibrado.com.br\/wp-content\/uploads\/2025\/04\/scale-diet-fat-health-53404-53404-300x199.jpg 300w, https:\/\/corpoequilibrado.com.br\/wp-content\/uploads\/2025\/04\/scale-diet-fat-health-53404-53404-768x511.jpg 768w, https:\/\/corpoequilibrado.com.br\/wp-content\/uploads\/2025\/04\/scale-diet-fat-health-53404-53404-18x12.jpg 18w\" sizes=\"(max-width: 940px) 100vw, 940px\" \/>\t\t\t\t\t<\/a>\n\t\t\t\t\t\t\t<\/div>\n\t\t\t\t\t\t\t<div class=\"uagb-post__text\">\n\t\t\t\t\t<span class='uagb-post__taxonomy default'>\n\t\t\t\t\t\t\t\t\t\t\t\t<a href=\"https:\/\/corpoequilibrado.com.br\/es\/categoria-de-perdida-de-peso-y-dieta\/\">P\u00e9rdida de peso y dieta<\/a>\t\t\t\t\t<\/span>\n\t\t\t\t<\/div>\n\t\t\t\t\t\t\t<h4 class=\"uagb-post__title uagb-post__text\">\n\t\t\t\t<a href=\"https:\/\/corpoequilibrado.com.br\/es\/calculadora-para-calcular-el-imc\/\" target=\"_self\" rel=\"bookmark noopener noreferrer\">C\u00f3mo calcular el IMC: Gu\u00eda completa para evaluar tu peso ideal<\/a>\n\t\t\t<\/h4>\n\t\t\t\t\t\t<div class='uagb-post__text uagb-post-grid-byline'>\n\t\t\t\t\t\t\t<\/div>\n\t\t\t\t\t\t\t<div class='uagb-post__text uagb-post__excerpt'>\n\t\t\t\t\t<p>C\u00f3mo calcular el IMC: Gu\u00eda completa para evaluar tu peso ideal El \u00edndice de masa corporal (IMC) es un\u2026\t\t\t\t<\/div>\n\t\t\t\n\t\t\t\t\t\t\t\t\t<\/article>\n\t\t\t\t\t\t\t\t\t\t\t\t\t\t\t\t<article class=\"uagb-post__inner-wrap\">\t\t\t\t\t\t\t\t<div class='uagb-post__image'>\n\t\t\t\t\t\t\t\t\t<a href=\"https:\/\/corpoequilibrado.com.br\/es\/beneficios-del-te-verde\/\" target=\"_self\" rel=\"bookmark noopener noreferrer\" class='uagb-image-ratio-2-3'><img loading=\"lazy\" decoding=\"async\" width=\"1103\" height=\"630\" src=\"https:\/\/corpoequilibrado.com.br\/wp-content\/uploads\/2025\/04\/unnamed-file-84.jpg\" class=\"attachment-full size-full\" alt=\"Beneficios del t\u00e9 verde\" srcset=\"https:\/\/corpoequilibrado.com.br\/wp-content\/uploads\/2025\/04\/unnamed-file-84.jpg 1103w, https:\/\/corpoequilibrado.com.br\/wp-content\/uploads\/2025\/04\/unnamed-file-84-300x171.jpg 300w, https:\/\/corpoequilibrado.com.br\/wp-content\/uploads\/2025\/04\/unnamed-file-84-1024x585.jpg 1024w, https:\/\/corpoequilibrado.com.br\/wp-content\/uploads\/2025\/04\/unnamed-file-84-768x439.jpg 768w\" sizes=\"(max-width: 1103px) 100vw, 1103px\" \/>\t\t\t\t\t<\/a>\n\t\t\t\t\t\t\t<\/div>\n\t\t\t\t\t\t\t<div class=\"uagb-post__text\">\n\t\t\t\t\t<span class='uagb-post__taxonomy default'>\n\t\t\t\t\t\t\t\t\t\t\t\t<a href=\"https:\/\/corpoequilibrado.com.br\/es\/categoria-de-perdida-de-peso-y-dieta\/\">P\u00e9rdida de peso y dieta<\/a>\t\t\t\t\t<\/span>\n\t\t\t\t<\/div>\n\t\t\t\t\t\t\t<h4 class=\"uagb-post__title uagb-post__text\">\n\t\t\t\t<a href=\"https:\/\/corpoequilibrado.com.br\/es\/beneficios-del-te-verde\/\" target=\"_self\" rel=\"bookmark noopener noreferrer\">Beneficios del t\u00e9 verde: para qu\u00e9 sirve, c\u00f3mo tomarlo y tipos m\u00e1s populares<\/a>\n\t\t\t<\/h4>\n\t\t\t\t\t\t<div class='uagb-post__text uagb-post-grid-byline'>\n\t\t\t\t\t\t\t<\/div>\n\t\t\t\t\t\t\t<div class='uagb-post__text uagb-post__excerpt'>\n\t\t\t\t\tBeneficios del t\u00e9 verde para tu salud y bienestar. \u00a1Descubre los secretos de este t\u00e9 ancestral!\t\t\t\t<\/div>\n\t\t\t\n\t\t\t\t\t\t\t\t\t<\/article>\n\t\t\t\t\t\t\t\t\t\t\t\t\t\t\t\t<article class=\"uagb-post__inner-wrap\">\t\t\t\t\t\t\t\t<div class='uagb-post__image'>\n\t\t\t\t\t\t\t\t\t<a href=\"https:\/\/corpoequilibrado.com.br\/es\/agua-con-limon-en-ayunas\/\" target=\"_self\" rel=\"bookmark noopener noreferrer\" class='uagb-image-ratio-2-3'><img loading=\"lazy\" decoding=\"async\" width=\"1103\" height=\"630\" src=\"https:\/\/corpoequilibrado.com.br\/wp-content\/uploads\/2025\/04\/unnamed-file-35.jpg\" class=\"attachment-full size-full\" alt=\"agua con lim\u00f3n\" srcset=\"https:\/\/corpoequilibrado.com.br\/wp-content\/uploads\/2025\/04\/unnamed-file-35.jpg 1103w, https:\/\/corpoequilibrado.com.br\/wp-content\/uploads\/2025\/04\/unnamed-file-35-300x171.jpg 300w, https:\/\/corpoequilibrado.com.br\/wp-content\/uploads\/2025\/04\/unnamed-file-35-1024x585.jpg 1024w, https:\/\/corpoequilibrado.com.br\/wp-content\/uploads\/2025\/04\/unnamed-file-35-768x439.jpg 768w\" sizes=\"(max-width: 1103px) 100vw, 1103px\" \/>\t\t\t\t\t<\/a>\n\t\t\t\t\t\t\t<\/div>\n\t\t\t\t\t\t\t<div class=\"uagb-post__text\">\n\t\t\t\t\t<span class='uagb-post__taxonomy default'>\n\t\t\t\t\t\t\t\t\t\t\t\t<a href=\"https:\/\/corpoequilibrado.com.br\/es\/categoria-de-perdida-de-peso-y-dieta\/\">P\u00e9rdida de peso y dieta<\/a>\t\t\t\t\t<\/span>\n\t\t\t\t<\/div>\n\t\t\t\t\t\t\t<h4 class=\"uagb-post__title uagb-post__text\">\n\t\t\t\t<a href=\"https:\/\/corpoequilibrado.com.br\/es\/agua-con-limon-en-ayunas\/\" target=\"_self\" rel=\"bookmark noopener noreferrer\">Agua de lim\u00f3n en ayunas: \u00bfRealmente funciona? Vea los beneficios reales para su salud<\/a>\n\t\t\t<\/h4>\n\t\t\t\t\t\t<div class='uagb-post__text uagb-post-grid-byline'>\n\t\t\t\t\t\t\t<\/div>\n\t\t\t\t\t\t\t<div class='uagb-post__text uagb-post__excerpt'>\n\t\t\t\t\tEl agua de lim\u00f3n transforma tu rutina matutina. Descubra mitos y beneficios.\t\t\t\t<\/div>\n\t\t\t\n\t\t\t\t\t\t\t\t\t<\/article>\n\t\t\t\t\t\t\t\t\t\t\t<\/div>\n\t\t\t<\/div><\/div>\n\n\n\n<p><\/p>","protected":false},"excerpt":{"rendered":"<p>Bem-Estar e Sa\u00fade Mental Beleza e Est\u00e9tica Suplementos e Vitaminas Sa\u00fade End\u00f3crina e Hormonal Sa\u00fade Bucal Sa\u00fade Digestiva Emagrecimento e Dieta<\/p>","protected":false},"author":1,"featured_media":3416,"parent":0,"menu_order":0,"comment_status":"closed","ping_status":"closed","template":"","meta":{"_uag_custom_page_level_css":"","site-sidebar-layout":"no-sidebar","site-content-layout":"page-builder","ast-site-content-layout":"full-width-container","site-content-style":"unboxed","site-sidebar-style":"unboxed","ast-global-header-display":"","ast-banner-title-visibility":"","ast-main-header-display":"","ast-hfb-above-header-display":"","ast-hfb-below-header-display":"","ast-hfb-mobile-header-display":"","site-post-title":"disabled","ast-breadcrumbs-content":"","ast-featured-img":"","footer-sml-layout":"","ast-disable-related-posts":"","theme-transparent-header-meta":"enabled","adv-header-id-meta":"","stick-header-meta":"","header-above-stick-meta":"","header-main-stick-meta":"","header-below-stick-meta":"","astra-migrate-meta-layouts":"set","ast-page-background-enabled":"default","ast-page-background-meta":{"desktop":{"background-color":"","background-image":"","background-repeat":"repeat","background-position":"center center","background-size":"auto","background-attachment":"scroll","background-type":"","background-media":"","overlay-type":"","overlay-color":"","overlay-opacity":"","overlay-gradient":""},"tablet":{"background-color":"","background-image":"","background-repeat":"repeat","background-position":"center center","background-size":"auto","background-attachment":"scroll","background-type":"","background-media":"","overlay-type":"","overlay-color":"","overlay-opacity":"","overlay-gradient":""},"mobile":{"background-color":"","background-image":"","background-repeat":"repeat","background-position":"center center","background-size":"auto","background-attachment":"scroll","background-type":"","background-media":"","overlay-type":"","overlay-color":"","overlay-opacity":"","overlay-gradient":""}},"ast-content-background-meta":{"desktop":{"background-color":"var(--ast-global-color-5)","background-image":"","background-repeat":"repeat","background-position":"center center","background-size":"auto","background-attachment":"scroll","background-type":"","background-media":"","overlay-type":"","overlay-color":"","overlay-opacity":"","overlay-gradient":""},"tablet":{"background-color":"var(--ast-global-color-5)","background-image":"","background-repeat":"repeat","background-position":"center center","background-size":"auto","background-attachment":"scroll","background-type":"","background-media":"","overlay-type":"","overlay-color":"","overlay-opacity":"","overlay-gradient":""},"mobile":{"background-color":"var(--ast-global-color-5)","background-image":"","background-repeat":"repeat","background-position":"center center","background-size":"auto","background-attachment":"scroll","background-type":"","background-media":"","overlay-type":"","overlay-color":"","overlay-opacity":"","overlay-gradient":""}},"footnotes":""},"class_list":["post-3692","page","type-page","status-publish","has-post-thumbnail","hentry"],"uagb_featured_image_src":{"full":["https:\/\/corpoequilibrado.com.br\/wp-content\/uploads\/2025\/04\/ChatGPT-Image-Apr-7-2025-09_28_35-PM.png",1536,1024,false],"thumbnail":["https:\/\/corpoequilibrado.com.br\/wp-content\/uploads\/2025\/04\/ChatGPT-Image-Apr-7-2025-09_28_35-PM-150x150.png",150,150,true],"medium":["https:\/\/corpoequilibrado.com.br\/wp-content\/uploads\/2025\/04\/ChatGPT-Image-Apr-7-2025-09_28_35-PM-300x200.png",300,200,true],"medium_large":["https:\/\/corpoequilibrado.com.br\/wp-content\/uploads\/2025\/04\/ChatGPT-Image-Apr-7-2025-09_28_35-PM-768x512.png",768,512,true],"large":["https:\/\/corpoequilibrado.com.br\/wp-content\/uploads\/2025\/04\/ChatGPT-Image-Apr-7-2025-09_28_35-PM-1024x683.png",1024,683,true],"1536x1536":["https:\/\/corpoequilibrado.com.br\/wp-content\/uploads\/2025\/04\/ChatGPT-Image-Apr-7-2025-09_28_35-PM.png",1536,1024,false],"2048x2048":["https:\/\/corpoequilibrado.com.br\/wp-content\/uploads\/2025\/04\/ChatGPT-Image-Apr-7-2025-09_28_35-PM.png",1536,1024,false],"trp-custom-language-flag":["https:\/\/corpoequilibrado.com.br\/wp-content\/uploads\/2025\/04\/ChatGPT-Image-Apr-7-2025-09_28_35-PM.png",18,12,false]},"uagb_author_info":{"display_name":"Equipe Corpo Equilibrado","author_link":"https:\/\/corpoequilibrado.com.br\/es\/author\/rcastello20gmail-com\/"},"uagb_comment_info":0,"uagb_excerpt":"Bem-Estar e Sa\u00fade Mental Beleza e Est\u00e9tica Suplementos e Vitaminas Sa\u00fade End\u00f3crina e Hormonal Sa\u00fade Bucal Sa\u00fade Digestiva Emagrecimento e Dieta","_links":{"self":[{"href":"https:\/\/corpoequilibrado.com.br\/es\/wp-json\/wp\/v2\/pages\/3692","targetHints":{"allow":["GET"]}}],"collection":[{"href":"https:\/\/corpoequilibrado.com.br\/es\/wp-json\/wp\/v2\/pages"}],"about":[{"href":"https:\/\/corpoequilibrado.com.br\/es\/wp-json\/wp\/v2\/types\/page"}],"author":[{"embeddable":true,"href":"https:\/\/corpoequilibrado.com.br\/es\/wp-json\/wp\/v2\/users\/1"}],"replies":[{"embeddable":true,"href":"https:\/\/corpoequilibrado.com.br\/es\/wp-json\/wp\/v2\/comments?post=3692"}],"version-history":[{"count":0,"href":"https:\/\/corpoequilibrado.com.br\/es\/wp-json\/wp\/v2\/pages\/3692\/revisions"}],"wp:featuredmedia":[{"embeddable":true,"href":"https:\/\/corpoequilibrado.com.br\/es\/wp-json\/wp\/v2\/media\/3416"}],"wp:attachment":[{"href":"https:\/\/corpoequilibrado.com.br\/es\/wp-json\/wp\/v2\/media?parent=3692"}],"curies":[{"name":"wp","href":"https:\/\/api.w.org\/{rel}","templated":true}]}}